{"id":35979,"date":"2024-04-11T06:38:19","date_gmt":"2024-04-11T04:38:19","guid":{"rendered":"https:\/\/www.masterveil-eu.com\/air-curtains\/mtc-lufttaeppe-industrielle-doere\/"},"modified":"2026-02-11T17:52:41","modified_gmt":"2026-02-11T15:52:41","slug":"mtc-lufttaeppe-industrielle-doere","status":"publish","type":"product","link":"https:\/\/www.masterveil-eu.com\/da\/lufttaepper\/mtc-lufttaeppe-industrielle-doere\/","title":{"rendered":"MTC luftt\u00e6ppe &#8211; Industrielle d\u00f8re"},"content":{"rendered":"<h2 class='g-block g-heading'>MTC luftt\u00e6ppe &#8211; produktinformation<\/h2><h3 class='g-block g-heading'>Luftt\u00e6ppe med Airstop-dyse og fleksible l\u00e6ngdemuligheder<\/h3>\n<p>Luftt\u00e6ppet f\u00e5s i l\u00e6ngder fra 1200 til 3000 mm og i to forskellige ventilatorkonfigurationer, luftt\u00e6ppe 14 og 16, hvor luftt\u00e6ppe 16 har h\u00f8jere trykindstilling. Med en gardinl\u00e6ngde p\u00e5 3000 mm kan det nemt d\u00e6kke en d\u00f8r\u00e5bning med en bredde p\u00e5 2900 mm. Den lave konstruktionsh\u00f8jde p\u00e5 kun 280 mm g\u00f8r det normalt problemfrit at installere MTC-luftt\u00e6ppet over d\u00f8ren. MTC-luftt\u00e6ppet er ogs\u00e5 udstyret med vores unikke Airstop-dyse med knivstr\u00e5leteknologi, der giver h\u00f8jere effektivitet sammenlignet med traditionelle luftt\u00e6pper.   <\/p>\n<h3 class='g-block g-heading'>Luftt\u00e6ppets vigtigste funktioner<\/h3>\n<ul class=\"wp-block-list\">\n<li>Meget fleksibel takket v\u00e6re de kompakte dimensioner.<\/li>\n\n\n\n<li>Forskellige monteringsmuligheder.<\/li>\n\n\n\n<li>Vandret installation &#8211; synlig eller indbygget i loftet.<\/li>\n\n\n\n<li>Knivstr\u00e5leteknologi sikrer effektiv kontrol af luftstr\u00f8mmen.<\/li>\n\n\n\n<li>Dyse med justerbar luftretning.<\/li>\n\n\n\n<li>Optimeret varmespiral medf\u00f8lger som standard.<\/li>\n\n\n\n<li>Gardinl\u00e6ngde 1200-3000 mm.<\/li>\n\n\n\n<li>Luftt\u00e6ppet 14 er velegnet til d\u00f8rh\u00f8jder p\u00e5 op til ca. 3 meter.<\/li>\n\n\n\n<li>Luftt\u00e6ppet 16 er velegnet til d\u00f8rh\u00f8jder p\u00e5 op til ca. 4 meter.<\/li>\n\n\n\n<li>F\u00e5s i alle RAL-farver eller i rustfrit st\u00e5l.<\/li>\n<\/ul>\n<h3 class='g-block g-heading'>MTC luftt\u00e6ppe &#8211; Tekniske data<\/h3>\n<figure class=\"wp-block-table\"><table><thead><tr><th>14 model<\/th><th><strong>MTC xV-2<\/strong>.14<\/th><th><strong><strong><strong>MTC xV<\/strong><\/strong><\/strong>-3.14<\/th><th><strong><strong><strong>MTC xV<\/strong><\/strong><\/strong>-4.14<\/th><th><strong><strong>MTC xV<\/strong><\/strong>-5.14<\/th><th><strong><strong><strong>MTC xV<\/strong><\/strong><\/strong>-6.14<\/th><\/tr><\/thead><tbody><tr><td><strong>Type af installation<\/strong><\/td><td>Vandret<br\/>luftt\u00e6ppe<\/td><td>Vandret<br\/>luftt\u00e6ppe<\/td><td>Vandret<br\/>luftt\u00e6ppe<\/td><td>Vandret<br\/>luftt\u00e6ppe<\/td><td>Vandret<br\/>luftt\u00e6ppe<\/td><\/tr><tr><td><strong>Maks.<\/strong><strong>d\u00f8rh\u00f8jde<\/strong> (*)<\/td><td>3 meter<\/td><td>3 meter<\/td><td>3 meter<\/td><td>3 meter<\/td><td>3 meter<\/td><\/tr><tr><td><strong>Standardfarve<\/strong><\/td><td>RAL 9010<\/td><td>RAL 9010<\/td><td>RAL 9010<\/td><td>RAL 9010<\/td><td>RAL 9010<\/td><\/tr><tr><td><strong>L\u00e6ngde<\/strong> OL-luftforh\u00e6ng (**)<\/td><td>D\u00f8rbredde + ca. 100 mm <\/td><td>D\u00f8rbredde + ca. 100 mm <\/td><td>D\u00f8rbredde + ca. 100 mm <\/td><td>D\u00f8rbredde + ca. 100 mm <\/td><td>D\u00f8rbredde + ca. 100 mm <\/td><\/tr><tr><td><strong>L\u00e6ngde<\/strong><\/td><td>1200-1300mm<\/td><td>1400-1700mm<\/td><td>1800-2300mm<\/td><td>2400-2650mm<\/td><td>2750-3150mm<\/td><\/tr><tr><td><strong>H\u00f8jde<\/strong><\/td><td>Se tegning<\/td><td>Se tegning<\/td><td>Se tegning<\/td><td>Se tegning<\/td><td>Se tegning<\/td><\/tr><tr><td><strong>Dybde<\/strong><\/td><td>Se tegning<\/td><td>Se tegning<\/td><td>Se tegning<\/td><td>Se tegning<\/td><td>Se tegning<\/td><\/tr><tr><td><strong>Luftstr\u00f8m<\/strong><\/td><td>1300 m\u00b3\/t<\/td><td>1950 m\u00b3\/t<\/td><td>2500 m\u00b3\/t<\/td><td>3000 m\u00b3\/t<\/td><td>3600 m\u00b3\/t<\/td><\/tr><tr><td><strong>Sp\u00e6nding V<\/strong><\/td><td>230<\/td><td>230<\/td><td>230<\/td><td>230<\/td><td>230<\/td><\/tr><tr><td><strong>Effekt motor kW<\/strong><\/td><td>0,292<\/td><td>0,438<\/td><td>0,584<\/td><td>0,730<\/td><td>0,876<\/td><\/tr><tr><td><strong>Motorstr\u00f8m A<\/strong><\/td><td>2,28<\/td><td>3,42<\/td><td>4,56<\/td><td>5,7<\/td><td>6,84<\/td><\/tr><tr><td><strong>Frekvens Hz<\/strong><\/td><td>50<\/td><td>50<\/td><td>50<\/td><td>50<\/td><td>50<\/td><\/tr><tr><td><strong>IP<\/strong><\/td><td>40<\/td><td>40<\/td><td>40<\/td><td>40<\/td><td>40<\/td><\/tr><\/tbody><\/table><\/figure>\n\n<figure class=\"wp-block-table\"><table><thead><tr><th>16 model<\/th><th class=\"has-text-align-left\" data-align=\"left\"><strong><strong><strong>MTC xV<\/strong><\/strong><\/strong>-2.16<\/th><th><strong><strong>MTC xV<\/strong><\/strong>-3.16<\/th><th><strong><strong><strong>MTC xV<\/strong><\/strong><\/strong>-4.16<\/th><th><\/th><th><\/th><\/tr><\/thead><tbody><tr><td><strong>Type af installation<\/strong><\/td><td class=\"has-text-align-left\" data-align=\"left\">Vandret<br\/>luftt\u00e6ppe<\/td><td>Vandret<br\/>luftt\u00e6ppe<\/td><td>Vandret<br\/>luftt\u00e6ppe<\/td><td><\/td><td><\/td><\/tr><tr><td><strong>Maks. h\u00f8jde<\/strong> (*)<\/td><td class=\"has-text-align-left\" data-align=\"left\">4 meter<\/td><td>4 meter<\/td><td>4 meter<\/td><td><\/td><td><\/td><\/tr><tr><td><strong>Standardfarve<\/strong><\/td><td class=\"has-text-align-left\" data-align=\"left\">RAL 9010<\/td><td>RAL 9010<\/td><td>RAL 9010<\/td><td><\/td><td><\/td><\/tr><tr><td><strong>L\u00e6ngde<\/strong> OL-luftforh\u00e6ng (**)<\/td><td class=\"has-text-align-left\" data-align=\"left\">D\u00f8rbredde + ca. 100 mm <\/td><td>D\u00f8rbredde + ca. 100 mm <\/td><td>D\u00f8rbredde + ca. 100 mm <\/td><td><\/td><td><\/td><\/tr><tr><td><strong>L\u00e6ngde<\/strong><\/td><td class=\"has-text-align-left\" data-align=\"left\">1200-1700mm<\/td><td>1800-2300mm<\/td><td>2400-3000mm<\/td><td><\/td><td><\/td><\/tr><tr><td><strong>H\u00f8jde<\/strong><\/td><td class=\"has-text-align-left\" data-align=\"left\">Se tegning<\/td><td>Se tegning<\/td><td>Se tegning<\/td><td><\/td><td><\/td><\/tr><tr><td><strong>Dybde<\/strong><\/td><td class=\"has-text-align-left\" data-align=\"left\">Se tegning<\/td><td>Se tegning<\/td><td>Se tegning<\/td><td><\/td><td><\/td><\/tr><tr><td><strong>Luftstr\u00f8m<\/strong><\/td><td class=\"has-text-align-left\" data-align=\"left\">2100 m\u00b3\/t<\/td><td>3200 m\u00b3\/t<\/td><td>4300 m\u00b3\/t<\/td><td><\/td><td><\/td><\/tr><tr><td><strong>Sp\u00e6nding V<\/strong><\/td><td class=\"has-text-align-left\" data-align=\"left\">230<\/td><td>230<\/td><td>230<\/td><td><\/td><td><\/td><\/tr><tr><td><strong>Effekt motor kW<\/strong><\/td><td class=\"has-text-align-left\" data-align=\"left\">1,45<\/td><td>2,175<\/td><td>2,9<\/td><td><\/td><td><\/td><\/tr><tr><td><strong>Motorstr\u00f8m A<\/strong><\/td><td class=\"has-text-align-left\" data-align=\"left\">6,4<\/td><td>9,6<\/td><td>12,8<\/td><td><\/td><td><\/td><\/tr><tr><td><strong>Frekvens Hz<\/strong><\/td><td class=\"has-text-align-left\" data-align=\"left\">50<\/td><td>50<\/td><td>50<\/td><td><\/td><td><\/td><\/tr><tr><td><strong>IP<\/strong><\/td><td class=\"has-text-align-left\" data-align=\"left\">54<\/td><td>54<\/td><td>54<\/td><td><\/td><td><\/td><\/tr><\/tbody><tfoot><tr><td><\/td><td class=\"has-text-align-left\" data-align=\"left\"><\/td><td><\/td><td><\/td><td><\/td><td><\/td><\/tr><\/tfoot><\/table><figcaption class=\"wp-element-caption\">(*) D\u00f8rens mulige h\u00f8jde afh\u00e6nger af dens bredde.<br\/>(**) Vandret luftt\u00e6ppe = <strong>OL<\/strong> og dobbelt st\u00e5ende luftt\u00e6ppe = <strong>DS<\/strong><\/figcaption><\/figure>\n","protected":false},"excerpt":{"rendered":"Dette luftt\u00e6ppe til industriporte er udviklet med et st\u00e6rkt fokus p\u00e5 at give h\u00f8j fleksibilitet gennem sine kompakte dimensioner. Det, der g\u00f8r MTC-luftt\u00e6ppet endnu mere tilpasningsdygtigt, er muligheden for at f\u00e5 luftindtag fra fronten, toppen eller bunden. ","protected":false},"featured_media":35981,"menu_order":0,"template":"","meta":{"_acf_changed":false,"_seopress_robots_primary_cat":"none","_seopress_titles_title":"Luftt\u00e6ppe MTC til industriporte %%sep%% Masterveil","_seopress_titles_desc":"Dette luftt\u00e6ppe til industriporte er udviklet med et st\u00e6rkt fokus p\u00e5 at give h\u00f8j fleksibilitet gennem sine kompakte dimensioner.","_seopress_robots_index":"","_relevanssi_hide_post":"","_relevanssi_hide_content":"","_relevanssi_pin_for_all":"","_relevanssi_pin_keywords":"","_relevanssi_unpin_keywords":"","_relevanssi_related_keywords":"","_relevanssi_related_include_ids":"","_relevanssi_related_exclude_ids":"","_relevanssi_related_no_append":"","_relevanssi_related_not_related":"","_relevanssi_related_posts":"","_relevanssi_noindex_reason":"","footnotes":""},"product_category":[306,309],"class_list":["post-35979","product","type-product","status-publish","has-post-thumbnail","hentry","product_category-logistik-og-industriporte","product_category-mtc-lufttaepper"],"acf":[],"_links":{"self":[{"href":"https:\/\/www.masterveil-eu.com\/da\/wp-json\/wp\/v2\/product\/35979","targetHints":{"allow":["GET"]}}],"collection":[{"href":"https:\/\/www.masterveil-eu.com\/da\/wp-json\/wp\/v2\/product"}],"about":[{"href":"https:\/\/www.masterveil-eu.com\/da\/wp-json\/wp\/v2\/types\/product"}],"version-history":[{"count":4,"href":"https:\/\/www.masterveil-eu.com\/da\/wp-json\/wp\/v2\/product\/35979\/revisions"}],"predecessor-version":[{"id":39131,"href":"https:\/\/www.masterveil-eu.com\/da\/wp-json\/wp\/v2\/product\/35979\/revisions\/39131"}],"wp:featuredmedia":[{"embeddable":true,"href":"https:\/\/www.masterveil-eu.com\/da\/wp-json\/wp\/v2\/media\/35981"}],"wp:attachment":[{"href":"https:\/\/www.masterveil-eu.com\/da\/wp-json\/wp\/v2\/media?parent=35979"}],"wp:term":[{"taxonomy":"product_category","embeddable":true,"href":"https:\/\/www.masterveil-eu.com\/da\/wp-json\/wp\/v2\/product_category?post=35979"}],"curies":[{"name":"wp","href":"https:\/\/api.w.org\/{rel}","templated":true}]}}