{"id":36393,"date":"2024-02-27T13:45:29","date_gmt":"2024-02-27T11:45:29","guid":{"rendered":"https:\/\/www.masterveil-eu.com\/air-curtains\/compact-400-lufttaepper\/"},"modified":"2026-02-11T17:54:07","modified_gmt":"2026-02-11T15:54:07","slug":"compact-400-lufttaepper","status":"publish","type":"product","link":"https:\/\/www.masterveil-eu.com\/da\/lufttaepper\/compact-400-lufttaepper\/","title":{"rendered":"COMPACT 400 luftt\u00e6pper"},"content":{"rendered":"<h2 class='g-block g-heading'>Compact 400 luftt\u00e6ppe &#8211; produktinformation<\/h2><h3 class='g-block g-heading'>Air stop-teknologi til problemfri integration af luftt\u00e6ppet og alsidige tilslutningsmuligheder<\/h3>\n<p>Udstyret med vores unikke Airstop-dyse med knivstr\u00e5leteknologi giver COMPACT 400-luftt\u00e6ppet h\u00f8jere effektivitet sammenlignet med traditionelle luftt\u00e6pper. Med en forl\u00e6nget dyse kan luftt\u00e6pperne integreres problemfrit i loftet eller v\u00e6ggen. For lodrette luftt\u00e6pper kan du v\u00e6lge tilslutning fra oven eller fra neden til el og vand. Vandrette luftt\u00e6pper kan tilsluttes p\u00e5 enten venstre eller h\u00f8jre side.   <\/p>\n<h3 class='g-block g-heading'>Luftt\u00e6ppets vigtigste funktioner<\/h3>\n<ul class=\"wp-block-list\">\n<li>Kan nemt tilpasses til specifikke pr\u00e6ferencer.<\/li>\n\n\n\n<li>Indbyggede kraftige radialventilatorer.<\/li>\n\n\n\n<li>Knivstr\u00e5leteknologi til effektiv styring af luftstr\u00f8mmen.<\/li>\n\n\n\n<li>Effektiv beskyttelse mod kolde temperaturer.<\/li>\n\n\n\n<li>Nem installation, enten lodret eller over hovedh\u00f8jde.<\/li>\n\n\n\n<li>Et varmebatteri er inkluderet som standard.<\/li>\n\n\n\n<li>Luftt\u00e6ppets l\u00e6ngde kan justeres fra 2100 til 3000 mm.<\/li>\n\n\n\n<li>Til d\u00f8rbredder p\u00e5 ca. 2,7 meter med dobbelte sidebl\u00e6sende luftt\u00e6pper.<\/li>\n\n\n\n<li>Velegnet til d\u00f8rh\u00f8jder p\u00e5 op til ca. 3 meter til vandret installation af luftt\u00e6ppet.<\/li>\n\n\n\n<li>F\u00e5s i alle RAL-farver eller i rustfrit st\u00e5l.<\/li>\n<\/ul>\n<h3 class='g-block g-heading'>Compact 400 luftt\u00e6ppe &#8211; Tekniske data<\/h3>\n<figure class=\"wp-block-table\"><table><thead><tr><th><\/th><th><strong><strong><strong>KOMPAKT 400<\/strong><\/strong><\/strong>-4.14<\/th><th>KOMPAKT 400-5.14<\/th><\/tr><\/thead><tbody><tr><td><strong>Type af installation<\/strong><\/td><td>Vandret \/ lodret<br\/>luftt\u00e6ppe<\/td><td>Vandret \/ lodret<br\/>luftt\u00e6ppe<\/td><\/tr><tr><td><strong>Maks. h\u00f8jde<\/strong> OL-luftt\u00e6ppe (*)<\/td><td>3 meter<\/td><td>3 meter<\/td><\/tr><tr><td><strong>Maks. d\u00f8rbredde<\/strong> DS-luftgardiner (*)<\/td><td>2,7 meter<\/td><td>2,7 meter<\/td><\/tr><tr><td><strong>Standardfarve<\/strong><\/td><td>RAL 9010<\/td><td>RAL 9010<\/td><\/tr><tr><td><strong>L\u00e6ngde<\/strong> OL-luftforh\u00e6ng (**)<\/td><td>D\u00f8rbredde + ca. 100 mm <\/td><td>D\u00f8rbredde + ca. 100 mm <\/td><\/tr><tr><td><strong>L\u00e6ngde<\/strong> DS-air gardiner (**)<\/td><td>D\u00f8rh\u00f8jde + ca. 50 mm <\/td><td>D\u00f8rh\u00f8jde + ca. 50 mm <\/td><\/tr><tr><td><strong>L\u00e6ngde<\/strong><\/td><td>2100mm-2500mm<\/td><td>2500mm-3000mm<\/td><\/tr><tr><td><strong>Diameter<\/strong><\/td><td>400mm<\/td><td>400mm<\/td><\/tr><tr><td><strong>Luftstr\u00f8m<\/strong><\/td><td>2500 m\u00b3\/t<\/td><td>3000 m\u00b3\/t<\/td><\/tr><tr><td><strong>Sp\u00e6nding V<\/strong><\/td><td>230<\/td><td>230<\/td><\/tr><tr><td><strong>Effekt motor kW<\/strong><\/td><td>0,584<\/td><td>0,730<\/td><\/tr><tr><td><strong>Motorstr\u00f8m A<\/strong><\/td><td>4,56<\/td><td>5,7<\/td><\/tr><tr><td><strong>Frekvens Hz<\/strong><\/td><td>50<\/td><td>50<\/td><\/tr><tr><td><strong>IP<\/strong><\/td><td>40<\/td><td>40<br\/><\/td><\/tr><\/tbody><tfoot><tr><td><\/td><td><\/td><td><\/td><\/tr><\/tfoot><\/table><figcaption class=\"wp-element-caption\">(*) D\u00f8rens mulige h\u00f8jde afh\u00e6nger af dens bredde.<br\/>(**) Vandret luftt\u00e6ppe = <strong>OL<\/strong> og dobbelt st\u00e5ende luftt\u00e6ppe = <strong>DS<\/strong><\/figcaption><\/figure>\n","protected":false},"excerpt":{"rendered":"V\u00e6lg luftt\u00e6ppet COMPACT 400 for at f\u00e5 et stilfuldt og effektivt luftt\u00e6ppe, der kan tilpasses dine specifikke behov.","protected":false},"featured_media":36413,"menu_order":0,"template":"","meta":{"_acf_changed":false,"_seopress_robots_primary_cat":"none","_seopress_titles_title":"Masterveil COMPACT 400: Stilfuldt og effektivt luftt\u00e6ppe","_seopress_titles_desc":"Forbedr din indgang med COMPACT 400. Et stilfuldt og effektivt luftt\u00e6ppe til optimal klimakontrol og energibesparelser. ","_seopress_robots_index":"","_relevanssi_hide_post":"","_relevanssi_hide_content":"","_relevanssi_pin_for_all":"","_relevanssi_pin_keywords":"","_relevanssi_unpin_keywords":"","_relevanssi_related_keywords":"","_relevanssi_related_include_ids":"","_relevanssi_related_exclude_ids":"","_relevanssi_related_no_append":"","_relevanssi_related_not_related":"","_relevanssi_related_posts":"","_relevanssi_noindex_reason":"","footnotes":""},"product_category":[308],"class_list":["post-36393","product","type-product","status-publish","has-post-thumbnail","hentry","product_category-indgange"],"acf":[],"_links":{"self":[{"href":"https:\/\/www.masterveil-eu.com\/da\/wp-json\/wp\/v2\/product\/36393","targetHints":{"allow":["GET"]}}],"collection":[{"href":"https:\/\/www.masterveil-eu.com\/da\/wp-json\/wp\/v2\/product"}],"about":[{"href":"https:\/\/www.masterveil-eu.com\/da\/wp-json\/wp\/v2\/types\/product"}],"version-history":[{"count":4,"href":"https:\/\/www.masterveil-eu.com\/da\/wp-json\/wp\/v2\/product\/36393\/revisions"}],"predecessor-version":[{"id":39135,"href":"https:\/\/www.masterveil-eu.com\/da\/wp-json\/wp\/v2\/product\/36393\/revisions\/39135"}],"wp:featuredmedia":[{"embeddable":true,"href":"https:\/\/www.masterveil-eu.com\/da\/wp-json\/wp\/v2\/media\/36413"}],"wp:attachment":[{"href":"https:\/\/www.masterveil-eu.com\/da\/wp-json\/wp\/v2\/media?parent=36393"}],"wp:term":[{"taxonomy":"product_category","embeddable":true,"href":"https:\/\/www.masterveil-eu.com\/da\/wp-json\/wp\/v2\/product_category?post=36393"}],"curies":[{"name":"wp","href":"https:\/\/api.w.org\/{rel}","templated":true}]}}