{"id":2817,"date":"2024-03-05T15:09:29","date_gmt":"2024-03-05T13:09:29","guid":{"rendered":"https:\/\/masterveil.se\/produkter\/"},"modified":"2024-05-24T20:14:38","modified_gmt":"2024-05-24T18:14:38","slug":"luftridaer","status":"publish","type":"page","link":"https:\/\/www.masterveil-eu.com\/sv\/luftridaer\/","title":{"rendered":"Luftrid\u00e5er"},"content":{"rendered":"\t<div class=\"g-block g-product\">\n\t\t<div class=\"g-s-p-related-product__container\">\n\t\t\t\t\t\t\t<div class=\"g-s-p-related-product-container-description g-description\">\n\t\t\t\t\t<h3>F\u00f6rklaring av symboler<\/h3>\n\t\t\t\t\t<div class=\"g-description-icons g-text-position__right\"><p class=\"g-description-icons__icon g-without-heat\"><span class=\"icon-text\">Utan v\u00e4rme<\/span><\/p><p class=\"g-description-icons__icon g-waterborne-heat\"><span class=\"icon-text\">Vattenburen v\u00e4rme <\/span><\/p><p class=\"g-description-icons__icon g-electric-heat\"><span class=\"icon-text\">Elektrisk v\u00e4rme<\/span><\/p><p class=\"g-description-icons__icon g-ac-fan\"><span class=\"icon-text\">EC-fan<\/span><\/p><p class=\"g-description-icons__icon g-dehumidifier\"><span class=\"icon-text\">Avfuktare<\/span><\/p><\/div>\t\t\t\t<\/div>\n\t\t\t\t<div class=\"g-product-card\"><div class=\"g-product-card__image g-product-card-image\"><a href=\"https:\/\/www.masterveil-eu.com\/sv\/luftridaer\/ac-1000-kylrum\/\"><img decoding=\"async\" class=\"g-image\" src=\"https:\/\/www.masterveil-eu.com\/app\/uploads\/2024\/04\/masterveil-ac-1000-to-fruit-and-vegetable-room.jpg\" srcset=\"https:\/\/www.masterveil-eu.com\/app\/uploads\/2024\/04\/masterveil-ac-1000-to-fruit-and-vegetable-room.jpg 728w, https:\/\/www.masterveil-eu.com\/app\/uploads\/2024\/04\/masterveil-ac-1000-to-fruit-and-vegetable-room-683x469.jpg 683w, https:\/\/www.masterveil-eu.com\/app\/uploads\/2024\/04\/masterveil-ac-1000-to-fruit-and-vegetable-room-455x313.jpg 455w, https:\/\/www.masterveil-eu.com\/app\/uploads\/2024\/04\/masterveil-ac-1000-to-fruit-and-vegetable-room-300x206.jpg 300w\" sizes=\"(max-width: 728px) 100vw, 728px\" alt=\"Masterveil AC-1000 luftrid&aring; monterad &ouml;ver ing&aring;ngen till en stor frukt- och gr&ouml;nsaksavdelning i en livsmedelsbutik\" style=\"object-position: center center\">\n<\/a><div class=\"g-description-icons g-icon--hover g-icon--small g-text-position__left\"><p class=\"g-description-icons__icon g-without-heat\"><span class=\"icon-text\">Utan v\u00e4rme<\/span><\/p><p class=\"g-description-icons__icon g-ac-fan\"><span class=\"icon-text\">EC-fan<\/span><\/p><\/div><\/div><div class=\"g-product-card__content\"><h3>AC 1000 luftrid\u00e5 &#8211; Kylrum<\/h3><p>Effektiv luftrid\u00e5 f\u00f6r kylrum och kylda utrymmen.<\/p><a class=\"g-button g-button--blank g-button--small\" href=\"https:\/\/www.masterveil-eu.com\/sv\/luftridaer\/ac-1000-kylrum\/\">L\u00e4s mer<\/a><\/div><\/div><div class=\"g-product-card\"><div class=\"g-product-card__image g-product-card-image\"><a href=\"https:\/\/www.masterveil-eu.com\/sv\/luftridaer\/ac-1000-lastbilsdockning\/\"><img decoding=\"async\" class=\"g-image\" src=\"https:\/\/www.masterveil-eu.com\/app\/uploads\/2024\/04\/masterveil-ac-1000-air-curtains-at-warehouse-1366x1025.jpg\" srcset=\"https:\/\/www.masterveil-eu.com\/app\/uploads\/2024\/04\/masterveil-ac-1000-air-curtains-at-warehouse-1366x1025.jpg 1366w, https:\/\/www.masterveil-eu.com\/app\/uploads\/2024\/04\/masterveil-ac-1000-air-curtains-at-warehouse-683x512.jpg 683w, https:\/\/www.masterveil-eu.com\/app\/uploads\/2024\/04\/masterveil-ac-1000-air-curtains-at-warehouse-768x576.jpg 768w, https:\/\/www.masterveil-eu.com\/app\/uploads\/2024\/04\/masterveil-ac-1000-air-curtains-at-warehouse-1536x1152.jpg 1536w, https:\/\/www.masterveil-eu.com\/app\/uploads\/2024\/04\/masterveil-ac-1000-air-curtains-at-warehouse-2048x1536.jpg 2048w, https:\/\/www.masterveil-eu.com\/app\/uploads\/2024\/04\/masterveil-ac-1000-air-curtains-at-warehouse-1920x1440.jpg 1920w, https:\/\/www.masterveil-eu.com\/app\/uploads\/2024\/04\/masterveil-ac-1000-air-curtains-at-warehouse-910x683.jpg 910w, https:\/\/www.masterveil-eu.com\/app\/uploads\/2024\/04\/masterveil-ac-1000-air-curtains-at-warehouse-455x341.jpg 455w, https:\/\/www.masterveil-eu.com\/app\/uploads\/2024\/04\/masterveil-ac-1000-air-curtains-at-warehouse-300x225.jpg 300w\" sizes=\"(max-width: 1366px) 100vw, 1366px\" width=\"1366\" height=\"1025\" alt=\"Fem Masterveil AC-1000 Airstop-luftrid&aring;er installerade ovanf&ouml;r fem dockningsportar.\" style=\"object-position: center center\">\n<\/a><div class=\"g-description-icons g-icon--hover g-icon--small g-text-position__left\"><p class=\"g-description-icons__icon g-without-heat\"><span class=\"icon-text\">Utan v\u00e4rme<\/span><\/p><p class=\"g-description-icons__icon g-ac-fan\"><span class=\"icon-text\">EC-fan<\/span><\/p><\/div><\/div><div class=\"g-product-card__content\"><h3>AC 1000 luftrid\u00e5 &#8211; Lastbils-dockningar<\/h3><p>Den kompakta luftrid\u00e5l\u00f6sningen f\u00f6r lastbilsdockningar.<\/p><a class=\"g-button g-button--blank g-button--small\" href=\"https:\/\/www.masterveil-eu.com\/sv\/luftridaer\/ac-1000-lastbilsdockning\/\">L\u00e4s mer<\/a><\/div><\/div><div class=\"g-product-card\"><div class=\"g-product-card__image g-product-card-image\"><a href=\"https:\/\/www.masterveil-eu.com\/sv\/luftridaer\/as-k-entreer\/\"><img decoding=\"async\" class=\"g-image\" src=\"https:\/\/www.masterveil-eu.com\/app\/uploads\/2024\/04\/masterveil-airstop-air-curtains-entrance-1.jpg\" srcset=\"https:\/\/www.masterveil-eu.com\/app\/uploads\/2024\/04\/masterveil-airstop-air-curtains-entrance-1.jpg 567w, https:\/\/www.masterveil-eu.com\/app\/uploads\/2024\/04\/masterveil-airstop-air-curtains-entrance-1-455x489.jpg 455w, https:\/\/www.masterveil-eu.com\/app\/uploads\/2024\/04\/masterveil-airstop-air-curtains-entrance-1-279x300.jpg 279w\" sizes=\"(max-width: 567px) 100vw, 567px\" alt=\"Masterveil Airstop luftrid&aring;er installerade vid entr&eacute;n till ett stort k&ouml;pcentrum.\" style=\"object-position: center center\">\n<\/a><div class=\"g-description-icons g-icon--hover g-icon--small g-text-position__left\"><p class=\"g-description-icons__icon g-waterborne-heat\"><span class=\"icon-text\">Vattenburen v\u00e4rme <\/span><\/p><p class=\"g-description-icons__icon g-electric-heat\"><span class=\"icon-text\">Elektrisk v\u00e4rme<\/span><\/p><p class=\"g-description-icons__icon g-ac-fan\"><span class=\"icon-text\">EC-fan<\/span><\/p><\/div><\/div><div class=\"g-product-card__content\"><h3>AS-K luftrid\u00e5 &#8211; Entr\u00e9er<\/h3><p>Effektiva luftrid\u00e5l\u00f6sningar f\u00f6r medelstora och stora entr\u00e9er<\/p><a class=\"g-button g-button--blank g-button--small\" href=\"https:\/\/www.masterveil-eu.com\/sv\/luftridaer\/as-k-entreer\/\">L\u00e4s mer<\/a><\/div><\/div><div class=\"g-product-card\"><div class=\"g-product-card__image g-product-card-image\"><a href=\"https:\/\/www.masterveil-eu.com\/sv\/luftridaer\/as-k-frysrum\/\"><img decoding=\"async\" class=\"g-image\" src=\"https:\/\/www.masterveil-eu.com\/app\/uploads\/2024\/04\/masterveil-airstop-fan-box-horizontal-air-curtain-freezers-1366x1025.jpg\" srcset=\"https:\/\/www.masterveil-eu.com\/app\/uploads\/2024\/04\/masterveil-airstop-fan-box-horizontal-air-curtain-freezers-1366x1025.jpg 1366w, https:\/\/www.masterveil-eu.com\/app\/uploads\/2024\/04\/masterveil-airstop-fan-box-horizontal-air-curtain-freezers-683x512.jpg 683w, https:\/\/www.masterveil-eu.com\/app\/uploads\/2024\/04\/masterveil-airstop-fan-box-horizontal-air-curtain-freezers-768x576.jpg 768w, https:\/\/www.masterveil-eu.com\/app\/uploads\/2024\/04\/masterveil-airstop-fan-box-horizontal-air-curtain-freezers-1536x1152.jpg 1536w, https:\/\/www.masterveil-eu.com\/app\/uploads\/2024\/04\/masterveil-airstop-fan-box-horizontal-air-curtain-freezers-910x683.jpg 910w, https:\/\/www.masterveil-eu.com\/app\/uploads\/2024\/04\/masterveil-airstop-fan-box-horizontal-air-curtain-freezers-455x341.jpg 455w, https:\/\/www.masterveil-eu.com\/app\/uploads\/2024\/04\/masterveil-airstop-fan-box-horizontal-air-curtain-freezers-300x225.jpg 300w, https:\/\/www.masterveil-eu.com\/app\/uploads\/2024\/04\/masterveil-airstop-fan-box-horizontal-air-curtain-freezers.jpg 1920w\" sizes=\"(max-width: 1366px) 100vw, 1366px\" width=\"1366\" height=\"1025\" alt=\"Fyra Masterveil luftrid&aring;aggregat med horisontella airstop luftrid&aring;er installerade ovanf&ouml;r d&ouml;rrarna p&aring; ett fryslager.\" style=\"object-position: center center\">\n<\/a><div class=\"g-description-icons g-icon--hover g-icon--small g-text-position__left\"><p class=\"g-description-icons__icon g-without-heat\"><span class=\"icon-text\">Utan v\u00e4rme<\/span><\/p><p class=\"g-description-icons__icon g-electric-heat\"><span class=\"icon-text\">Elektrisk v\u00e4rme<\/span><\/p><p class=\"g-description-icons__icon g-ac-fan\"><span class=\"icon-text\">EC-fan<\/span><\/p><\/div><\/div><div class=\"g-product-card__content\"><h3>AS-K luftrid\u00e5 &#8211; Frysrum<\/h3><p>Optimalt termiskt skydd f\u00f6r \u00f6ppningar till medelstora frysrum<\/p><a class=\"g-button g-button--blank g-button--small\" href=\"https:\/\/www.masterveil-eu.com\/sv\/luftridaer\/as-k-frysrum\/\">L\u00e4s mer<\/a><\/div><\/div><div class=\"g-product-card\"><div class=\"g-product-card__image g-product-card-image\"><a href=\"https:\/\/www.masterveil-eu.com\/sv\/luftridaer\/as-k-kylrum\/\"><img decoding=\"async\" class=\"g-image\" src=\"https:\/\/www.masterveil-eu.com\/app\/uploads\/2024\/04\/masterveil-airstop-fan-box-horizontal-air-curtain-drum-1366x1025.jpg\" srcset=\"https:\/\/www.masterveil-eu.com\/app\/uploads\/2024\/04\/masterveil-airstop-fan-box-horizontal-air-curtain-drum-1366x1025.jpg 1366w, https:\/\/www.masterveil-eu.com\/app\/uploads\/2024\/04\/masterveil-airstop-fan-box-horizontal-air-curtain-drum-683x512.jpg 683w, https:\/\/www.masterveil-eu.com\/app\/uploads\/2024\/04\/masterveil-airstop-fan-box-horizontal-air-curtain-drum-768x576.jpg 768w, https:\/\/www.masterveil-eu.com\/app\/uploads\/2024\/04\/masterveil-airstop-fan-box-horizontal-air-curtain-drum-1536x1152.jpg 1536w, https:\/\/www.masterveil-eu.com\/app\/uploads\/2024\/04\/masterveil-airstop-fan-box-horizontal-air-curtain-drum-910x683.jpg 910w, https:\/\/www.masterveil-eu.com\/app\/uploads\/2024\/04\/masterveil-airstop-fan-box-horizontal-air-curtain-drum-455x341.jpg 455w, https:\/\/www.masterveil-eu.com\/app\/uploads\/2024\/04\/masterveil-airstop-fan-box-horizontal-air-curtain-drum-300x225.jpg 300w, https:\/\/www.masterveil-eu.com\/app\/uploads\/2024\/04\/masterveil-airstop-fan-box-horizontal-air-curtain-drum.jpg 1920w\" sizes=\"(max-width: 1366px) 100vw, 1366px\" width=\"1366\" height=\"1025\" alt=\"Masterveil luftrid&aring;aggregat och airstop luftrid&aring; installerade ovanf&ouml;r en gul snabbrullport p&aring; ett lager.\" style=\"object-position: center center\">\n<\/a><div class=\"g-description-icons g-icon--hover g-icon--small g-text-position__left\"><p class=\"g-description-icons__icon g-without-heat\"><span class=\"icon-text\">Utan v\u00e4rme<\/span><\/p><p class=\"g-description-icons__icon g-ac-fan\"><span class=\"icon-text\">EC-fan<\/span><\/p><\/div><\/div><div class=\"g-product-card__content\"><h3>AS-K luftrid\u00e5 &#8211; Kylrum<\/h3><p>Optimalt termiskt skydd f\u00f6r \u00f6ppningar till medelstora och stora kylrum<\/p><a class=\"g-button g-button--blank g-button--small\" href=\"https:\/\/www.masterveil-eu.com\/sv\/luftridaer\/as-k-kylrum\/\">L\u00e4s mer<\/a><\/div><\/div><div class=\"g-product-card\"><div class=\"g-product-card__image g-product-card-image\"><a href=\"https:\/\/www.masterveil-eu.com\/sv\/luftridaer\/as-k-logistik-industriportar\/\"><img decoding=\"async\" class=\"g-image\" src=\"https:\/\/www.masterveil-eu.com\/app\/uploads\/2024\/04\/masterveil-vertical-airstop-air-curtains-industrial-door-1-1366x1200.jpg\" srcset=\"https:\/\/www.masterveil-eu.com\/app\/uploads\/2024\/04\/masterveil-vertical-airstop-air-curtains-industrial-door-1-1366x1200.jpg 1366w, https:\/\/www.masterveil-eu.com\/app\/uploads\/2024\/04\/masterveil-vertical-airstop-air-curtains-industrial-door-1-683x600.jpg 683w, https:\/\/www.masterveil-eu.com\/app\/uploads\/2024\/04\/masterveil-vertical-airstop-air-curtains-industrial-door-1-768x675.jpg 768w, https:\/\/www.masterveil-eu.com\/app\/uploads\/2024\/04\/masterveil-vertical-airstop-air-curtains-industrial-door-1-1536x1350.jpg 1536w, https:\/\/www.masterveil-eu.com\/app\/uploads\/2024\/04\/masterveil-vertical-airstop-air-curtains-industrial-door-1-910x800.jpg 910w, https:\/\/www.masterveil-eu.com\/app\/uploads\/2024\/04\/masterveil-vertical-airstop-air-curtains-industrial-door-1-455x400.jpg 455w, https:\/\/www.masterveil-eu.com\/app\/uploads\/2024\/04\/masterveil-vertical-airstop-air-curtains-industrial-door-1-300x264.jpg 300w, https:\/\/www.masterveil-eu.com\/app\/uploads\/2024\/04\/masterveil-vertical-airstop-air-curtains-industrial-door-1.jpg 1920w\" sizes=\"(max-width: 1366px) 100vw, 1366px\" width=\"1366\" height=\"1200\" alt=\"Masterveil AS-K horisontell Airstop luftrid&aring; vid industriport\" style=\"object-position: center center\">\n<\/a><div class=\"g-description-icons g-icon--hover g-icon--small g-text-position__left\"><p class=\"g-description-icons__icon g-without-heat\"><span class=\"icon-text\">Utan v\u00e4rme<\/span><\/p><p class=\"g-description-icons__icon g-waterborne-heat\"><span class=\"icon-text\">Vattenburen v\u00e4rme <\/span><\/p><p class=\"g-description-icons__icon g-electric-heat\"><span class=\"icon-text\">Elektrisk v\u00e4rme<\/span><\/p><p class=\"g-description-icons__icon g-ac-fan\"><span class=\"icon-text\">EC-fan<\/span><\/p><\/div><\/div><div class=\"g-product-card__content\"><h3>AS-K luftrid\u00e5 &#8211; Logistik &amp; Industriportar<\/h3><p>Optimala luftrid\u00e5l\u00f6sningar med olika prestandam\u00f6jligheter f\u00f6r sm\u00e5 och medelstora portar.<\/p><a class=\"g-button g-button--blank g-button--small\" href=\"https:\/\/www.masterveil-eu.com\/sv\/luftridaer\/as-k-logistik-industriportar\/\">L\u00e4s mer<\/a><\/div><\/div><div class=\"g-product-card\"><div class=\"g-product-card__image g-product-card-image\"><a href=\"https:\/\/www.masterveil-eu.com\/sv\/luftridaer\/ase-k-entreer\/\"><img decoding=\"async\" class=\"g-image\" src=\"https:\/\/www.masterveil-eu.com\/app\/uploads\/2024\/04\/masterveil-double-standing-circular-air-curtains-shoppingcenters-1366x1628.jpg\" srcset=\"https:\/\/www.masterveil-eu.com\/app\/uploads\/2024\/04\/masterveil-double-standing-circular-air-curtains-shoppingcenters-1366x1628.jpg 1366w, https:\/\/www.masterveil-eu.com\/app\/uploads\/2024\/04\/masterveil-double-standing-circular-air-curtains-shoppingcenters-573x683.jpg 573w, https:\/\/www.masterveil-eu.com\/app\/uploads\/2024\/04\/masterveil-double-standing-circular-air-curtains-shoppingcenters-1146x1366.jpg 1146w, https:\/\/www.masterveil-eu.com\/app\/uploads\/2024\/04\/masterveil-double-standing-circular-air-curtains-shoppingcenters-768x915.jpg 768w, https:\/\/www.masterveil-eu.com\/app\/uploads\/2024\/04\/masterveil-double-standing-circular-air-curtains-shoppingcenters-1289x1536.jpg 1289w, https:\/\/www.masterveil-eu.com\/app\/uploads\/2024\/04\/masterveil-double-standing-circular-air-curtains-shoppingcenters-910x1085.jpg 910w, https:\/\/www.masterveil-eu.com\/app\/uploads\/2024\/04\/masterveil-double-standing-circular-air-curtains-shoppingcenters-683x814.jpg 683w, https:\/\/www.masterveil-eu.com\/app\/uploads\/2024\/04\/masterveil-double-standing-circular-air-curtains-shoppingcenters-455x542.jpg 455w, https:\/\/www.masterveil-eu.com\/app\/uploads\/2024\/04\/masterveil-double-standing-circular-air-curtains-shoppingcenters-252x300.jpg 252w, https:\/\/www.masterveil-eu.com\/app\/uploads\/2024\/04\/masterveil-double-standing-circular-air-curtains-shoppingcenters.jpg 1611w\" sizes=\"(max-width: 1366px) 100vw, 1366px\" width=\"1366\" height=\"1628\" alt=\"Masterveil sidobl&aring;sande airstop luftrid&aring;er, lackerade i vit f&auml;rg. Luftrid&aring;trummorna str&auml;cker sig fr&aring;n golvet &auml;nda upp till taket d&auml;r luftrid&aring;aggregatet &auml;r installerat.\" style=\"object-position: center center\">\n<\/a><div class=\"g-description-icons g-icon--hover g-icon--small g-text-position__left\"><p class=\"g-description-icons__icon g-waterborne-heat\"><span class=\"icon-text\">Vattenburen v\u00e4rme <\/span><\/p><p class=\"g-description-icons__icon g-electric-heat\"><span class=\"icon-text\">Elektrisk v\u00e4rme<\/span><\/p><p class=\"g-description-icons__icon g-ac-fan\"><span class=\"icon-text\">EC-fan<\/span><\/p><\/div><\/div><div class=\"g-product-card__content\"><h3>ASE-K luftrid\u00e5 &#8211; Entr\u00e9er<\/h3><p>Med luftrid\u00e5n ASE K f\u00e5r du en skr\u00e4ddarsydd och kraftfull l\u00f6sning f\u00f6r att optimera klimatkontrollen vid entr\u00e9er.<\/p><a class=\"g-button g-button--blank g-button--small\" href=\"https:\/\/www.masterveil-eu.com\/sv\/luftridaer\/ase-k-entreer\/\">L\u00e4s mer<\/a><\/div><\/div><div class=\"g-product-card\"><div class=\"g-product-card__image g-product-card-image\"><a href=\"https:\/\/www.masterveil-eu.com\/sv\/luftridaer\/ase-k-indudstriportar\/\"><img decoding=\"async\" class=\"g-image\" src=\"https:\/\/www.masterveil-eu.com\/app\/uploads\/2024\/04\/masterveil-airstop-horizontal-air-curtain-industrial-door-1-1-1366x1366.jpg\" srcset=\"https:\/\/www.masterveil-eu.com\/app\/uploads\/2024\/04\/masterveil-airstop-horizontal-air-curtain-industrial-door-1-1-1366x1366.jpg 1366w, https:\/\/www.masterveil-eu.com\/app\/uploads\/2024\/04\/masterveil-airstop-horizontal-air-curtain-industrial-door-1-1-683x683.jpg 683w, https:\/\/www.masterveil-eu.com\/app\/uploads\/2024\/04\/masterveil-airstop-horizontal-air-curtain-industrial-door-1-1-150x150.jpg 150w, https:\/\/www.masterveil-eu.com\/app\/uploads\/2024\/04\/masterveil-airstop-horizontal-air-curtain-industrial-door-1-1-768x768.jpg 768w, https:\/\/www.masterveil-eu.com\/app\/uploads\/2024\/04\/masterveil-airstop-horizontal-air-curtain-industrial-door-1-1-910x910.jpg 910w, https:\/\/www.masterveil-eu.com\/app\/uploads\/2024\/04\/masterveil-airstop-horizontal-air-curtain-industrial-door-1-1-455x455.jpg 455w, https:\/\/www.masterveil-eu.com\/app\/uploads\/2024\/04\/masterveil-airstop-horizontal-air-curtain-industrial-door-1-1-300x300.jpg 300w, https:\/\/www.masterveil-eu.com\/app\/uploads\/2024\/04\/masterveil-airstop-horizontal-air-curtain-industrial-door-1-1.jpg 1368w\" sizes=\"(max-width: 1366px) 100vw, 1366px\" width=\"1366\" height=\"1366\" alt=\"Masterveil ASE-K med horisontell airstop luftrid&aring; installerad ovanf&ouml;r en stor industriell snabbrullport p&aring; lagret hos en byggvarubutik.\" style=\"object-position: center center\">\n<\/a><div class=\"g-description-icons g-icon--hover g-icon--small g-text-position__left\"><p class=\"g-description-icons__icon g-without-heat\"><span class=\"icon-text\">Utan v\u00e4rme<\/span><\/p><p class=\"g-description-icons__icon g-waterborne-heat\"><span class=\"icon-text\">Vattenburen v\u00e4rme <\/span><\/p><p class=\"g-description-icons__icon g-electric-heat\"><span class=\"icon-text\">Elektrisk v\u00e4rme<\/span><\/p><p class=\"g-description-icons__icon g-ac-fan\"><span class=\"icon-text\">EC-fan<\/span><\/p><\/div><\/div><div class=\"g-product-card__content\"><h3>ASE-K luftrid\u00e5 &#8211; Industriportar<\/h3><p>Med luftrid\u00e5n ASE K f\u00e5r du en skr\u00e4ddarsydd och kraftfull l\u00f6sning f\u00f6r att optimera klimatkontrollen vid industriportar.<\/p><a class=\"g-button g-button--blank g-button--small\" href=\"https:\/\/www.masterveil-eu.com\/sv\/luftridaer\/ase-k-indudstriportar\/\">L\u00e4s mer<\/a><\/div><\/div><div class=\"g-product-card\"><div class=\"g-product-card__image g-product-card-image\"><a href=\"https:\/\/www.masterveil-eu.com\/sv\/luftridaer\/ase-k-stor-port\/\"><img decoding=\"async\" class=\"g-image\" src=\"https:\/\/www.masterveil-eu.com\/app\/uploads\/2024\/04\/masterveil-airstop-fan-box-double-standing-air-curtain-at-large-door-1366x1322.jpg\" srcset=\"https:\/\/www.masterveil-eu.com\/app\/uploads\/2024\/04\/masterveil-airstop-fan-box-double-standing-air-curtain-at-large-door-1366x1322.jpg 1366w, https:\/\/www.masterveil-eu.com\/app\/uploads\/2024\/04\/masterveil-airstop-fan-box-double-standing-air-curtain-at-large-door-683x661.jpg 683w, https:\/\/www.masterveil-eu.com\/app\/uploads\/2024\/04\/masterveil-airstop-fan-box-double-standing-air-curtain-at-large-door-768x743.jpg 768w, https:\/\/www.masterveil-eu.com\/app\/uploads\/2024\/04\/masterveil-airstop-fan-box-double-standing-air-curtain-at-large-door-1536x1486.jpg 1536w, https:\/\/www.masterveil-eu.com\/app\/uploads\/2024\/04\/masterveil-airstop-fan-box-double-standing-air-curtain-at-large-door-910x881.jpg 910w, https:\/\/www.masterveil-eu.com\/app\/uploads\/2024\/04\/masterveil-airstop-fan-box-double-standing-air-curtain-at-large-door-455x440.jpg 455w, https:\/\/www.masterveil-eu.com\/app\/uploads\/2024\/04\/masterveil-airstop-fan-box-double-standing-air-curtain-at-large-door-300x290.jpg 300w, https:\/\/www.masterveil-eu.com\/app\/uploads\/2024\/04\/masterveil-airstop-fan-box-double-standing-air-curtain-at-large-door.jpg 1920w\" sizes=\"(max-width: 1366px) 100vw, 1366px\" width=\"1366\" height=\"1322\" alt=\"Masterveil ASE-K med dubbla st&aring;ende airstop-luftrid&aring;er vid en stor takskjutport.\" style=\"object-position: center center\">\n<\/a><div class=\"g-description-icons g-icon--hover g-icon--small g-text-position__left\"><p class=\"g-description-icons__icon g-without-heat\"><span class=\"icon-text\">Utan v\u00e4rme<\/span><\/p><p class=\"g-description-icons__icon g-waterborne-heat\"><span class=\"icon-text\">Vattenburen v\u00e4rme <\/span><\/p><p class=\"g-description-icons__icon g-electric-heat\"><span class=\"icon-text\">Elektrisk v\u00e4rme<\/span><\/p><p class=\"g-description-icons__icon g-ac-fan\"><span class=\"icon-text\">EC-fan<\/span><\/p><\/div><\/div><div class=\"g-product-card__content\"><h3>ASE-K luftrid\u00e5 &#8211; Stora industriportar<\/h3><p>Med luftrid\u00e5systemet ASE K f\u00e5r du en skr\u00e4ddarsydd och kraftfull l\u00f6sning f\u00f6r att optimera klimatkontrollen vid stora industriportar.<\/p><a class=\"g-button g-button--blank g-button--small\" href=\"https:\/\/www.masterveil-eu.com\/sv\/luftridaer\/ase-k-stor-port\/\">L\u00e4s mer<\/a><\/div><\/div><div class=\"g-product-card\"><div class=\"g-product-card__image g-product-card-image\"><a href=\"https:\/\/www.masterveil-eu.com\/sv\/luftridaer\/compact-330-entreer\/\"><img decoding=\"async\" class=\"g-image\" src=\"https:\/\/www.masterveil-eu.com\/app\/uploads\/2024\/04\/masterveil-compact-330-horizontal-air-curtain-inside-a-store-1-1366x1271.jpg\" srcset=\"https:\/\/www.masterveil-eu.com\/app\/uploads\/2024\/04\/masterveil-compact-330-horizontal-air-curtain-inside-a-store-1-1366x1271.jpg 1366w, https:\/\/www.masterveil-eu.com\/app\/uploads\/2024\/04\/masterveil-compact-330-horizontal-air-curtain-inside-a-store-1-683x635.jpg 683w, https:\/\/www.masterveil-eu.com\/app\/uploads\/2024\/04\/masterveil-compact-330-horizontal-air-curtain-inside-a-store-1-768x715.jpg 768w, https:\/\/www.masterveil-eu.com\/app\/uploads\/2024\/04\/masterveil-compact-330-horizontal-air-curtain-inside-a-store-1-1536x1429.jpg 1536w, https:\/\/www.masterveil-eu.com\/app\/uploads\/2024\/04\/masterveil-compact-330-horizontal-air-curtain-inside-a-store-1-910x847.jpg 910w, https:\/\/www.masterveil-eu.com\/app\/uploads\/2024\/04\/masterveil-compact-330-horizontal-air-curtain-inside-a-store-1-455x423.jpg 455w, https:\/\/www.masterveil-eu.com\/app\/uploads\/2024\/04\/masterveil-compact-330-horizontal-air-curtain-inside-a-store-1-300x279.jpg 300w, https:\/\/www.masterveil-eu.com\/app\/uploads\/2024\/04\/masterveil-compact-330-horizontal-air-curtain-inside-a-store-1.jpg 1581w\" sizes=\"(max-width: 1366px) 100vw, 1366px\" width=\"1366\" height=\"1271\" alt=\"Inuti en butik &auml;r en Masterveil Compact 330 luftrid&aring; installerad f&ouml;r att effektivt f&ouml;rhindra kallt drag.\" style=\"object-position: center center\">\n<\/a><div class=\"g-description-icons g-icon--hover g-icon--small g-text-position__left\"><p class=\"g-description-icons__icon g-waterborne-heat\"><span class=\"icon-text\">Vattenburen v\u00e4rme <\/span><\/p><p class=\"g-description-icons__icon g-ac-fan\"><span class=\"icon-text\">EC-fan<\/span><\/p><\/div><\/div><div class=\"g-product-card__content\"><h3>COMPACT 330 luftrid\u00e5 &#8211; Entr\u00e9er<\/h3><p>En h\u00f6gpresterande, elegant luftrid\u00e5, perfekt f\u00f6r effektiv klimatkontroll och energieffektivitet.<\/p><a class=\"g-button g-button--blank g-button--small\" href=\"https:\/\/www.masterveil-eu.com\/sv\/luftridaer\/compact-330-entreer\/\">L\u00e4s mer<\/a><\/div><\/div><div class=\"g-product-card\"><div class=\"g-product-card__image g-product-card-image\"><a href=\"https:\/\/www.masterveil-eu.com\/sv\/luftridaer\/compact-330v\/\"><img decoding=\"async\" class=\"g-image\" src=\"https:\/\/www.masterveil-eu.com\/app\/uploads\/2024\/04\/mastervei-compact-330-air-curtain-at-industrial-door-1-1366x1532.jpg\" srcset=\"https:\/\/www.masterveil-eu.com\/app\/uploads\/2024\/04\/mastervei-compact-330-air-curtain-at-industrial-door-1-1366x1532.jpg 1366w, https:\/\/www.masterveil-eu.com\/app\/uploads\/2024\/04\/mastervei-compact-330-air-curtain-at-industrial-door-1-609x683.jpg 609w, https:\/\/www.masterveil-eu.com\/app\/uploads\/2024\/04\/mastervei-compact-330-air-curtain-at-industrial-door-1-1218x1366.jpg 1218w, https:\/\/www.masterveil-eu.com\/app\/uploads\/2024\/04\/mastervei-compact-330-air-curtain-at-industrial-door-1-768x862.jpg 768w, https:\/\/www.masterveil-eu.com\/app\/uploads\/2024\/04\/mastervei-compact-330-air-curtain-at-industrial-door-1-1369x1536.jpg 1369w, https:\/\/www.masterveil-eu.com\/app\/uploads\/2024\/04\/mastervei-compact-330-air-curtain-at-industrial-door-1-1826x2048.jpg 1826w, https:\/\/www.masterveil-eu.com\/app\/uploads\/2024\/04\/mastervei-compact-330-air-curtain-at-industrial-door-1-910x1021.jpg 910w, https:\/\/www.masterveil-eu.com\/app\/uploads\/2024\/04\/mastervei-compact-330-air-curtain-at-industrial-door-1-683x766.jpg 683w, https:\/\/www.masterveil-eu.com\/app\/uploads\/2024\/04\/mastervei-compact-330-air-curtain-at-industrial-door-1-455x510.jpg 455w, https:\/\/www.masterveil-eu.com\/app\/uploads\/2024\/04\/mastervei-compact-330-air-curtain-at-industrial-door-1-267x300.jpg 267w, https:\/\/www.masterveil-eu.com\/app\/uploads\/2024\/04\/mastervei-compact-330-air-curtain-at-industrial-door-1.jpg 1920w\" sizes=\"(max-width: 1366px) 100vw, 1366px\" width=\"1366\" height=\"1532\" alt=\"Luftrid&aring; Masterveil Compact 330 installerad ovanf&ouml;r en takskjutport framifr&aring;n sett.\" style=\"object-position: center center\">\n<\/a><div class=\"g-description-icons g-icon--hover g-icon--small g-text-position__left\"><p class=\"g-description-icons__icon g-without-heat\"><span class=\"icon-text\">Utan v\u00e4rme<\/span><\/p><p class=\"g-description-icons__icon g-waterborne-heat\"><span class=\"icon-text\">Vattenburen v\u00e4rme <\/span><\/p><p class=\"g-description-icons__icon g-ac-fan\"><span class=\"icon-text\">EC-fan<\/span><\/p><\/div><\/div><div class=\"g-product-card__content\"><h3>COMPACT 330 luftrid\u00e5 &#8211; Logistikportar<\/h3><p>En h\u00f6gpresterande, elegant luftrid\u00e5, perfekt f\u00f6r effektiv klimatkontroll och energieffektivitet.<\/p><a class=\"g-button g-button--blank g-button--small\" href=\"https:\/\/www.masterveil-eu.com\/sv\/luftridaer\/compact-330v\/\">L\u00e4s mer<\/a><\/div><\/div><div class=\"g-product-card\"><div class=\"g-product-card__image g-product-card-image\"><a href=\"https:\/\/www.masterveil-eu.com\/sv\/luftridaer\/compact-400\/\"><img decoding=\"async\" class=\"g-image\" src=\"https:\/\/www.masterveil-eu.com\/app\/uploads\/2024\/04\/masterveil-compact-400-double-standing-air-curtains-at-door-to-shopping-center-1366x1065.jpg\" srcset=\"https:\/\/www.masterveil-eu.com\/app\/uploads\/2024\/04\/masterveil-compact-400-double-standing-air-curtains-at-door-to-shopping-center-1366x1065.jpg 1366w, https:\/\/www.masterveil-eu.com\/app\/uploads\/2024\/04\/masterveil-compact-400-double-standing-air-curtains-at-door-to-shopping-center-683x533.jpg 683w, https:\/\/www.masterveil-eu.com\/app\/uploads\/2024\/04\/masterveil-compact-400-double-standing-air-curtains-at-door-to-shopping-center-768x599.jpg 768w, https:\/\/www.masterveil-eu.com\/app\/uploads\/2024\/04\/masterveil-compact-400-double-standing-air-curtains-at-door-to-shopping-center-1536x1198.jpg 1536w, https:\/\/www.masterveil-eu.com\/app\/uploads\/2024\/04\/masterveil-compact-400-double-standing-air-curtains-at-door-to-shopping-center-2048x1597.jpg 2048w, https:\/\/www.masterveil-eu.com\/app\/uploads\/2024\/04\/masterveil-compact-400-double-standing-air-curtains-at-door-to-shopping-center-1920x1498.jpg 1920w, https:\/\/www.masterveil-eu.com\/app\/uploads\/2024\/04\/masterveil-compact-400-double-standing-air-curtains-at-door-to-shopping-center-910x710.jpg 910w, https:\/\/www.masterveil-eu.com\/app\/uploads\/2024\/04\/masterveil-compact-400-double-standing-air-curtains-at-door-to-shopping-center-455x355.jpg 455w, https:\/\/www.masterveil-eu.com\/app\/uploads\/2024\/04\/masterveil-compact-400-double-standing-air-curtains-at-door-to-shopping-center-300x234.jpg 300w\" sizes=\"(max-width: 1366px) 100vw, 1366px\" width=\"1366\" height=\"1065\" alt=\"Masterveil Compact 400 dubbelt st&aring;ende luftrid&aring;er i rostfritt utf&ouml;rande vid ing&aring;ngen till ett k&ouml;pcentrum\" style=\"object-position: center center\">\n<\/a><div class=\"g-description-icons g-icon--hover g-icon--small g-text-position__left\"><p class=\"g-description-icons__icon g-waterborne-heat\"><span class=\"icon-text\">Vattenburen v\u00e4rme <\/span><\/p><p class=\"g-description-icons__icon g-ac-fan\"><span class=\"icon-text\">EC-fan<\/span><\/p><\/div><\/div><div class=\"g-product-card__content\"><h3>COMPACT 400 luftrid\u00e5<\/h3><p>V\u00e4lj COMPACT 400 f\u00f6r en snygg och effektiv luftrid\u00e5 som kan skr\u00e4ddarsys f\u00f6r att m\u00f6ta dina specifika behov.<\/p><a class=\"g-button g-button--blank g-button--small\" href=\"https:\/\/www.masterveil-eu.com\/sv\/luftridaer\/compact-400\/\">L\u00e4s mer<\/a><\/div><\/div><div class=\"g-product-card\"><div class=\"g-product-card__image g-product-card-image\"><a href=\"https:\/\/www.masterveil-eu.com\/sv\/luftridaer\/ellips-380\/\"><img decoding=\"async\" class=\"g-image\" src=\"https:\/\/www.masterveil-eu.com\/app\/uploads\/2024\/04\/masterveil-ellips-380-air-curtain-at-entrance-to-commercial-center-1.jpg\" srcset=\"https:\/\/www.masterveil-eu.com\/app\/uploads\/2024\/04\/masterveil-ellips-380-air-curtain-at-entrance-to-commercial-center-1.jpg 520w, https:\/\/www.masterveil-eu.com\/app\/uploads\/2024\/04\/masterveil-ellips-380-air-curtain-at-entrance-to-commercial-center-1-150x150.jpg 150w, https:\/\/www.masterveil-eu.com\/app\/uploads\/2024\/04\/masterveil-ellips-380-air-curtain-at-entrance-to-commercial-center-1-455x455.jpg 455w, https:\/\/www.masterveil-eu.com\/app\/uploads\/2024\/04\/masterveil-ellips-380-air-curtain-at-entrance-to-commercial-center-1-300x300.jpg 300w\" sizes=\"(max-width: 520px) 100vw, 520px\" alt=\"Masterveil Ellips 380 luftrid&aring; ovanf&ouml;r ing&aring;ngen till ett k&ouml;pcentrum.\" style=\"object-position: center center\">\n<\/a><div class=\"g-description-icons g-icon--hover g-icon--small g-text-position__left\"><p class=\"g-description-icons__icon g-waterborne-heat\"><span class=\"icon-text\">Vattenburen v\u00e4rme <\/span><\/p><p class=\"g-description-icons__icon g-ac-fan\"><span class=\"icon-text\">EC-fan<\/span><\/p><\/div><\/div><div class=\"g-product-card__content\"><h3>ELLIPS 380 luftrid\u00e5<\/h3><p>Upplev sofistikerad teknik och stil med Ellipsen, en luftrid\u00e5 som inte bara utm\u00e4rker sig genom sin exklusiva design utan \u00e4ven imponerar med fantastisk prestanda.<\/p><a class=\"g-button g-button--blank g-button--small\" href=\"https:\/\/www.masterveil-eu.com\/sv\/luftridaer\/ellips-380\/\">L\u00e4s mer<\/a><\/div><\/div><div class=\"g-product-card\"><div class=\"g-product-card__image g-product-card-image\"><a href=\"https:\/\/www.masterveil-eu.com\/sv\/luftridaer\/nattgardin-rullport\/\"><img decoding=\"async\" class=\"g-image\" src=\"https:\/\/www.masterveil-eu.com\/app\/uploads\/2024\/04\/masterveil-night-curtain-rolling-door-5-1366x1821.jpg\" srcset=\"https:\/\/www.masterveil-eu.com\/app\/uploads\/2024\/04\/masterveil-night-curtain-rolling-door-5-1366x1821.jpg 1366w, https:\/\/www.masterveil-eu.com\/app\/uploads\/2024\/04\/masterveil-night-curtain-rolling-door-5-512x683.jpg 512w, https:\/\/www.masterveil-eu.com\/app\/uploads\/2024\/04\/masterveil-night-curtain-rolling-door-5-1025x1366.jpg 1025w, https:\/\/www.masterveil-eu.com\/app\/uploads\/2024\/04\/masterveil-night-curtain-rolling-door-5-768x1024.jpg 768w, https:\/\/www.masterveil-eu.com\/app\/uploads\/2024\/04\/masterveil-night-curtain-rolling-door-5-1152x1536.jpg 1152w, https:\/\/www.masterveil-eu.com\/app\/uploads\/2024\/04\/masterveil-night-curtain-rolling-door-5-910x1213.jpg 910w, https:\/\/www.masterveil-eu.com\/app\/uploads\/2024\/04\/masterveil-night-curtain-rolling-door-5-683x911.jpg 683w, https:\/\/www.masterveil-eu.com\/app\/uploads\/2024\/04\/masterveil-night-curtain-rolling-door-5-455x607.jpg 455w, https:\/\/www.masterveil-eu.com\/app\/uploads\/2024\/04\/masterveil-night-curtain-rolling-door-5-225x300.jpg 225w, https:\/\/www.masterveil-eu.com\/app\/uploads\/2024\/04\/masterveil-night-curtain-rolling-door-5.jpg 1440w\" sizes=\"(max-width: 1366px) 100vw, 1366px\" width=\"1366\" height=\"1821\" alt=\"St&auml;ngd Rullport in till kyld zon i matbutik\" style=\"object-position: center center\">\n<\/a><\/div><div class=\"g-product-card__content\"><h3>Isolerad nattgardin &#8211; Rullport (Endast den skandinaviska marknaden)<\/h3><p>Isolerad nattgardin f\u00f6r frukt- och gr\u00f6nt, mejerirum och charkavdelningar i matbutiker.<\/p><a class=\"g-button g-button--blank g-button--small\" href=\"https:\/\/www.masterveil-eu.com\/sv\/luftridaer\/nattgardin-rullport\/\">L\u00e4s mer<\/a><\/div><\/div><div class=\"g-product-card\"><div class=\"g-product-card__image g-product-card-image\"><a href=\"https:\/\/www.masterveil-eu.com\/sv\/luftridaer\/mtc\/\"><img decoding=\"async\" class=\"g-image\" src=\"https:\/\/www.masterveil-eu.com\/app\/uploads\/2024\/02\/masterveil-mtc-3-air-curtains-recessed-into-ceiling-1366x1025.jpg\" srcset=\"https:\/\/www.masterveil-eu.com\/app\/uploads\/2024\/02\/masterveil-mtc-3-air-curtains-recessed-into-ceiling-1366x1025.jpg 1366w, https:\/\/www.masterveil-eu.com\/app\/uploads\/2024\/02\/masterveil-mtc-3-air-curtains-recessed-into-ceiling-683x512.jpg 683w, https:\/\/www.masterveil-eu.com\/app\/uploads\/2024\/02\/masterveil-mtc-3-air-curtains-recessed-into-ceiling-768x576.jpg 768w, https:\/\/www.masterveil-eu.com\/app\/uploads\/2024\/02\/masterveil-mtc-3-air-curtains-recessed-into-ceiling-1536x1152.jpg 1536w, https:\/\/www.masterveil-eu.com\/app\/uploads\/2024\/02\/masterveil-mtc-3-air-curtains-recessed-into-ceiling-910x683.jpg 910w, https:\/\/www.masterveil-eu.com\/app\/uploads\/2024\/02\/masterveil-mtc-3-air-curtains-recessed-into-ceiling-455x341.jpg 455w, https:\/\/www.masterveil-eu.com\/app\/uploads\/2024\/02\/masterveil-mtc-3-air-curtains-recessed-into-ceiling-300x225.jpg 300w, https:\/\/www.masterveil-eu.com\/app\/uploads\/2024\/02\/masterveil-mtc-3-air-curtains-recessed-into-ceiling.jpg 1600w\" sizes=\"(max-width: 1366px) 100vw, 1366px\" width=\"1366\" height=\"1025\" alt=\"Masterveil MTC 3 Luftrid&aring;er inf&auml;llda i taket\" style=\"object-position: center center\">\n<\/a><div class=\"g-description-icons g-icon--hover g-icon--small g-text-position__left\"><p class=\"g-description-icons__icon g-waterborne-heat\"><span class=\"icon-text\">Vattenburen v\u00e4rme <\/span><\/p><p class=\"g-description-icons__icon g-ac-fan\"><span class=\"icon-text\">EC-fan<\/span><\/p><\/div><\/div><div class=\"g-product-card__content\"><h3>MTC luftrid\u00e5 &#8211; Entr\u00e9er<\/h3><p>Denna modell har utvecklats med ett starkt fokus p\u00e5 att ge h\u00f6g flexibilitet genom sina kompakta dimensioner. Det som g\u00f6r MTC \u00e4nnu mer anpassningsbar \u00e4r m\u00f6jligheten att ha ett luftintag framifr\u00e5n, uppifr\u00e5n eller nerifr\u00e5n. <\/p><a class=\"g-button g-button--blank g-button--small\" href=\"https:\/\/www.masterveil-eu.com\/sv\/luftridaer\/mtc\/\">L\u00e4s mer<\/a><\/div><\/div><div class=\"g-product-card\"><div class=\"g-product-card__image g-product-card-image\"><a href=\"https:\/\/www.masterveil-eu.com\/sv\/luftridaer\/mtc-indudstriportar\/\"><img decoding=\"async\" class=\"g-image\" src=\"https:\/\/www.masterveil-eu.com\/app\/uploads\/2024\/04\/masterveil-mtc-air-curtain-over-high-speed-door-1366x1672.jpg\" srcset=\"https:\/\/www.masterveil-eu.com\/app\/uploads\/2024\/04\/masterveil-mtc-air-curtain-over-high-speed-door-1366x1672.jpg 1366w, https:\/\/www.masterveil-eu.com\/app\/uploads\/2024\/04\/masterveil-mtc-air-curtain-over-high-speed-door-558x683.jpg 558w, https:\/\/www.masterveil-eu.com\/app\/uploads\/2024\/04\/masterveil-mtc-air-curtain-over-high-speed-door-1116x1366.jpg 1116w, https:\/\/www.masterveil-eu.com\/app\/uploads\/2024\/04\/masterveil-mtc-air-curtain-over-high-speed-door-768x940.jpg 768w, https:\/\/www.masterveil-eu.com\/app\/uploads\/2024\/04\/masterveil-mtc-air-curtain-over-high-speed-door-1255x1536.jpg 1255w, https:\/\/www.masterveil-eu.com\/app\/uploads\/2024\/04\/masterveil-mtc-air-curtain-over-high-speed-door-1673x2048.jpg 1673w, https:\/\/www.masterveil-eu.com\/app\/uploads\/2024\/04\/masterveil-mtc-air-curtain-over-high-speed-door-910x1114.jpg 910w, https:\/\/www.masterveil-eu.com\/app\/uploads\/2024\/04\/masterveil-mtc-air-curtain-over-high-speed-door-683x836.jpg 683w, https:\/\/www.masterveil-eu.com\/app\/uploads\/2024\/04\/masterveil-mtc-air-curtain-over-high-speed-door-455x557.jpg 455w, https:\/\/www.masterveil-eu.com\/app\/uploads\/2024\/04\/masterveil-mtc-air-curtain-over-high-speed-door-245x300.jpg 245w, https:\/\/www.masterveil-eu.com\/app\/uploads\/2024\/04\/masterveil-mtc-air-curtain-over-high-speed-door.jpg 1735w\" sizes=\"(max-width: 1366px) 100vw, 1366px\" width=\"1366\" height=\"1672\" alt=\"Masterveil MTC horisontell luftrid&aring; installerad ovanf&ouml;r en snabbrullport i en industriell anl&auml;ggning.\" style=\"object-position: center center\">\n<\/a><div class=\"g-description-icons g-icon--hover g-icon--small g-text-position__left\"><p class=\"g-description-icons__icon g-waterborne-heat\"><span class=\"icon-text\">Vattenburen v\u00e4rme <\/span><\/p><p class=\"g-description-icons__icon g-ac-fan\"><span class=\"icon-text\">EC-fan<\/span><\/p><\/div><\/div><div class=\"g-product-card__content\"><h3>MTC luftrid\u00e5 &#8211; Industriportar<\/h3><p>Denna modell har utvecklats med ett starkt fokus p\u00e5 att ge h\u00f6g flexibilitet genom sina kompakta dimensioner. Det som g\u00f6r MTC \u00e4nnu mer anpassningsbar \u00e4r m\u00f6jligheten att ha ett luftintag framifr\u00e5n, uppifr\u00e5n eller nerifr\u00e5n. <\/p><a class=\"g-button g-button--blank g-button--small\" href=\"https:\/\/www.masterveil-eu.com\/sv\/luftridaer\/mtc-indudstriportar\/\">L\u00e4s mer<\/a><\/div><\/div><div class=\"g-product-card\"><div class=\"g-product-card__image g-product-card-image\"><a href=\"https:\/\/www.masterveil-eu.com\/sv\/luftridaer\/mvp-s-999\/\"><img decoding=\"async\" class=\"g-image\" src=\"https:\/\/www.masterveil-eu.com\/app\/uploads\/2024\/04\/masterveil-mvp-s-air-curtain-at-a-truck.jpg\" srcset=\"https:\/\/www.masterveil-eu.com\/app\/uploads\/2024\/04\/masterveil-mvp-s-air-curtain-at-a-truck.jpg 800w, https:\/\/www.masterveil-eu.com\/app\/uploads\/2024\/04\/masterveil-mvp-s-air-curtain-at-a-truck-683x410.jpg 683w, https:\/\/www.masterveil-eu.com\/app\/uploads\/2024\/04\/masterveil-mvp-s-air-curtain-at-a-truck-768x461.jpg 768w, https:\/\/www.masterveil-eu.com\/app\/uploads\/2024\/04\/masterveil-mvp-s-air-curtain-at-a-truck-455x273.jpg 455w, https:\/\/www.masterveil-eu.com\/app\/uploads\/2024\/04\/masterveil-mvp-s-air-curtain-at-a-truck-300x180.jpg 300w\" sizes=\"(max-width: 800px) 100vw, 800px\" alt=\"Masterveil MVP-S luftrid&aring; installerad inne i en lastbil.\" style=\"object-position: center center\">\n<\/a><div class=\"g-description-icons g-icon--hover g-icon--small g-text-position__left\"><p class=\"g-description-icons__icon g-without-heat\"><span class=\"icon-text\">Utan v\u00e4rme<\/span><\/p><\/div><\/div><div class=\"g-product-card__content\"><h3>MVP-S 999 luftrid\u00e5 &#8211; Lastbilar<\/h3><p>MVP-S 999, en luftrid\u00e5 till lastbilar, luftrid\u00e5n har bara en byggh\u00f6jd p\u00e5 100 mm. Rid\u00e5n \u00e4r gjord f\u00f6r att h\u00e5lla kvar kylan i lastutrymmen i lastbilar och hj\u00e4lper till att h\u00e5lla en konstant temperatur utan att kompromissa med lasth\u00f6jden. S\u00e4kerst\u00e4ll en obruten kylkedja med denna kompakta och effektiva l\u00f6sning.<\/p><a class=\"g-button g-button--blank g-button--small\" href=\"https:\/\/www.masterveil-eu.com\/sv\/luftridaer\/mvp-s-999\/\">L\u00e4s mer<\/a><\/div><\/div><div class=\"g-product-card\"><div class=\"g-product-card__image g-product-card-image\"><a href=\"https:\/\/www.masterveil-eu.com\/sv\/luftridaer\/nattgardin-rullgardin\/\"><img decoding=\"async\" class=\"g-image\" src=\"https:\/\/www.masterveil-eu.com\/app\/uploads\/2024\/04\/masterveil-ac-1000-and-night-curtain.jpg\" srcset=\"https:\/\/www.masterveil-eu.com\/app\/uploads\/2024\/04\/masterveil-ac-1000-and-night-curtain.jpg 1080w, https:\/\/www.masterveil-eu.com\/app\/uploads\/2024\/04\/masterveil-ac-1000-and-night-curtain-384x683.jpg 384w, https:\/\/www.masterveil-eu.com\/app\/uploads\/2024\/04\/masterveil-ac-1000-and-night-curtain-768x1365.jpg 768w, https:\/\/www.masterveil-eu.com\/app\/uploads\/2024\/04\/masterveil-ac-1000-and-night-curtain-864x1536.jpg 864w, https:\/\/www.masterveil-eu.com\/app\/uploads\/2024\/04\/masterveil-ac-1000-and-night-curtain-910x1618.jpg 910w, https:\/\/www.masterveil-eu.com\/app\/uploads\/2024\/04\/masterveil-ac-1000-and-night-curtain-683x1214.jpg 683w, https:\/\/www.masterveil-eu.com\/app\/uploads\/2024\/04\/masterveil-ac-1000-and-night-curtain-455x809.jpg 455w, https:\/\/www.masterveil-eu.com\/app\/uploads\/2024\/04\/masterveil-ac-1000-and-night-curtain-169x300.jpg 169w\" sizes=\"(max-width: 1080px) 100vw, 1080px\" alt=\"Masterveil AC-1000 och en st&auml;ngd nattgardin vid &ouml;ppningen till ett kylrum i en mataff&auml;r.\" style=\"object-position: center center\">\n<\/a><\/div><div class=\"g-product-card__content\"><h3>NATTGARDIN &#8211; Rullgardin (Endast den skandinaviska marknaden)<\/h3><p>Nattgardin f\u00f6r matbutiker &#8211; det perfekta valet f\u00f6r frukt- och gr\u00f6nt, mejerirum och charkavdelningar.<\/p><a class=\"g-button g-button--blank g-button--small\" href=\"https:\/\/www.masterveil-eu.com\/sv\/luftridaer\/nattgardin-rullgardin\/\">L\u00e4s mer<\/a><\/div><\/div><div class=\"g-product-card\"><div class=\"g-product-card__image g-product-card-image\"><a href=\"https:\/\/www.masterveil-eu.com\/sv\/luftridaer\/portal-300\/\"><img decoding=\"async\" class=\"g-image\" src=\"https:\/\/www.masterveil-eu.com\/app\/uploads\/2024\/02\/masterveil-portal-300-double-standing-air-curtain-at-shopping-mall-1366x1847.jpg\" srcset=\"https:\/\/www.masterveil-eu.com\/app\/uploads\/2024\/02\/masterveil-portal-300-double-standing-air-curtain-at-shopping-mall-1366x1847.jpg 1366w, https:\/\/www.masterveil-eu.com\/app\/uploads\/2024\/02\/masterveil-portal-300-double-standing-air-curtain-at-shopping-mall-505x683.jpg 505w, https:\/\/www.masterveil-eu.com\/app\/uploads\/2024\/02\/masterveil-portal-300-double-standing-air-curtain-at-shopping-mall-1010x1366.jpg 1010w, https:\/\/www.masterveil-eu.com\/app\/uploads\/2024\/02\/masterveil-portal-300-double-standing-air-curtain-at-shopping-mall-768x1038.jpg 768w, https:\/\/www.masterveil-eu.com\/app\/uploads\/2024\/02\/masterveil-portal-300-double-standing-air-curtain-at-shopping-mall-1136x1536.jpg 1136w, https:\/\/www.masterveil-eu.com\/app\/uploads\/2024\/02\/masterveil-portal-300-double-standing-air-curtain-at-shopping-mall-1515x2048.jpg 1515w, https:\/\/www.masterveil-eu.com\/app\/uploads\/2024\/02\/masterveil-portal-300-double-standing-air-curtain-at-shopping-mall-910x1230.jpg 910w, https:\/\/www.masterveil-eu.com\/app\/uploads\/2024\/02\/masterveil-portal-300-double-standing-air-curtain-at-shopping-mall-683x923.jpg 683w, https:\/\/www.masterveil-eu.com\/app\/uploads\/2024\/02\/masterveil-portal-300-double-standing-air-curtain-at-shopping-mall-455x615.jpg 455w, https:\/\/www.masterveil-eu.com\/app\/uploads\/2024\/02\/masterveil-portal-300-double-standing-air-curtain-at-shopping-mall-222x300.jpg 222w, https:\/\/www.masterveil-eu.com\/app\/uploads\/2024\/02\/masterveil-portal-300-double-standing-air-curtain-at-shopping-mall.jpg 1704w\" sizes=\"(max-width: 1366px) 100vw, 1366px\" width=\"1366\" height=\"1847\" alt=\"Masterveil Portal 300 Dubbelst&aring;ende luftrid&aring; i k&ouml;pcentrum\" style=\"object-position: center center\">\n<\/a><div class=\"g-description-icons g-icon--hover g-icon--small g-text-position__left\"><p class=\"g-description-icons__icon g-waterborne-heat\"><span class=\"icon-text\">Vattenburen v\u00e4rme <\/span><\/p><p class=\"g-description-icons__icon g-ac-fan\"><span class=\"icon-text\">EC-fan<\/span><\/p><\/div><\/div><div class=\"g-product-card__content\"><h3>PORTAL 300 luftrid\u00e5 &#8211; L\u00e5gbyggt fl\u00e4ktaggregat<\/h3><p>Portalen representerar en framg\u00e5ngsrik sammansm\u00e4ltning av aggregatmodellernas kraft i en smidig design. H\u00e4r kombineras det b\u00e4sta fr\u00e5n tv\u00e5 olika tekniker f\u00f6r att skapa en exceptionell l\u00f6sning.<\/p><a class=\"g-button g-button--blank g-button--small\" href=\"https:\/\/www.masterveil-eu.com\/sv\/luftridaer\/portal-300\/\">L\u00e4s mer<\/a><\/div><\/div><div class=\"g-product-card\"><div class=\"g-product-card__image g-product-card-image\"><a href=\"https:\/\/www.masterveil-eu.com\/sv\/luftridaer\/powerstream-dsb-airlock\/\"><img decoding=\"async\" class=\"g-image\" src=\"https:\/\/www.masterveil-eu.com\/app\/uploads\/2024\/04\/masterveil-powerstream-airlock-air-curtain-at-freezer-1366x911.jpg\" srcset=\"https:\/\/www.masterveil-eu.com\/app\/uploads\/2024\/04\/masterveil-powerstream-airlock-air-curtain-at-freezer-1366x911.jpg 1366w, https:\/\/www.masterveil-eu.com\/app\/uploads\/2024\/04\/masterveil-powerstream-airlock-air-curtain-at-freezer-683x455.jpg 683w, https:\/\/www.masterveil-eu.com\/app\/uploads\/2024\/04\/masterveil-powerstream-airlock-air-curtain-at-freezer-768x512.jpg 768w, https:\/\/www.masterveil-eu.com\/app\/uploads\/2024\/04\/masterveil-powerstream-airlock-air-curtain-at-freezer-1536x1024.jpg 1536w, https:\/\/www.masterveil-eu.com\/app\/uploads\/2024\/04\/masterveil-powerstream-airlock-air-curtain-at-freezer-910x607.jpg 910w, https:\/\/www.masterveil-eu.com\/app\/uploads\/2024\/04\/masterveil-powerstream-airlock-air-curtain-at-freezer-455x303.jpg 455w, https:\/\/www.masterveil-eu.com\/app\/uploads\/2024\/04\/masterveil-powerstream-airlock-air-curtain-at-freezer-300x200.jpg 300w, https:\/\/www.masterveil-eu.com\/app\/uploads\/2024\/04\/masterveil-powerstream-airlock-air-curtain-at-freezer.jpg 1920w\" sizes=\"(max-width: 1366px) 100vw, 1366px\" width=\"1366\" height=\"911\" alt=\"Masterveil PowerStream DSB airlock luftrid&aring; installerad vid en frys&ouml;ppning f&ouml;r att s&auml;kerst&auml;lla optimal temperaturkontroll och energieffektivitet.\" style=\"object-position: center center\">\n<\/a><div class=\"g-description-icons g-icon--hover g-icon--small g-text-position__left\"><p class=\"g-description-icons__icon g-without-heat\"><span class=\"icon-text\">Utan v\u00e4rme<\/span><\/p><p class=\"g-description-icons__icon g-waterborne-heat\"><span class=\"icon-text\">Vattenburen v\u00e4rme <\/span><\/p><p class=\"g-description-icons__icon g-electric-heat\"><span class=\"icon-text\">Elektrisk v\u00e4rme<\/span><\/p><p class=\"g-description-icons__icon g-ac-fan\"><span class=\"icon-text\">EC-fan<\/span><\/p><\/div><\/div><div class=\"g-product-card__content\"><h3>POWERSTREAM DSB AIRLOCK luftrid\u00e5<\/h3><p>Ett Airlock-system p\u00e5 den varma sidan vid stora fuktbelastningar, stora temperaturskillnader eller f\u00f6r att \u00f6ka systemets effektivitet med upp till 15 %. <\/p><a class=\"g-button g-button--blank g-button--small\" href=\"https:\/\/www.masterveil-eu.com\/sv\/luftridaer\/powerstream-dsb-airlock\/\">L\u00e4s mer<\/a><\/div><\/div><div class=\"g-product-card\"><div class=\"g-product-card__image g-product-card-image\"><a href=\"https:\/\/www.masterveil-eu.com\/sv\/luftridaer\/powerstream-dsb-comfort\/\"><img decoding=\"async\" class=\"g-image\" src=\"https:\/\/www.masterveil-eu.com\/app\/uploads\/2024\/04\/masterveil-powerstream-dsb-comfort-air-curtain-at-large-freezer-door-1366x1821.jpg\" srcset=\"https:\/\/www.masterveil-eu.com\/app\/uploads\/2024\/04\/masterveil-powerstream-dsb-comfort-air-curtain-at-large-freezer-door-1366x1821.jpg 1366w, https:\/\/www.masterveil-eu.com\/app\/uploads\/2024\/04\/masterveil-powerstream-dsb-comfort-air-curtain-at-large-freezer-door-512x683.jpg 512w, https:\/\/www.masterveil-eu.com\/app\/uploads\/2024\/04\/masterveil-powerstream-dsb-comfort-air-curtain-at-large-freezer-door-1025x1366.jpg 1025w, https:\/\/www.masterveil-eu.com\/app\/uploads\/2024\/04\/masterveil-powerstream-dsb-comfort-air-curtain-at-large-freezer-door-768x1024.jpg 768w, https:\/\/www.masterveil-eu.com\/app\/uploads\/2024\/04\/masterveil-powerstream-dsb-comfort-air-curtain-at-large-freezer-door-1152x1536.jpg 1152w, https:\/\/www.masterveil-eu.com\/app\/uploads\/2024\/04\/masterveil-powerstream-dsb-comfort-air-curtain-at-large-freezer-door-910x1213.jpg 910w, https:\/\/www.masterveil-eu.com\/app\/uploads\/2024\/04\/masterveil-powerstream-dsb-comfort-air-curtain-at-large-freezer-door-683x911.jpg 683w, https:\/\/www.masterveil-eu.com\/app\/uploads\/2024\/04\/masterveil-powerstream-dsb-comfort-air-curtain-at-large-freezer-door-455x607.jpg 455w, https:\/\/www.masterveil-eu.com\/app\/uploads\/2024\/04\/masterveil-powerstream-dsb-comfort-air-curtain-at-large-freezer-door-225x300.jpg 225w, https:\/\/www.masterveil-eu.com\/app\/uploads\/2024\/04\/masterveil-powerstream-dsb-comfort-air-curtain-at-large-freezer-door.jpg 1440w\" sizes=\"(max-width: 1366px) 100vw, 1366px\" width=\"1366\" height=\"1821\" alt=\"Masterveil PowerStream DSB Comfort luftrid&aring; installerad vid en stor frysd&ouml;rr. Inuti frysen st&aring;r en arbetare framf&ouml;r sin lastbil och b&auml;r varma kl&auml;der f&ouml;r att bek&auml;mpa den kalla temperaturen. Luftrid&aring;n hj&auml;lper till att beh&aring;lla kylan inne i frysen samtidigt som den m&ouml;jligg&ouml;r enkel &aring;tkomst f&ouml;r personal och utrustning.\" style=\"object-position: center center\">\n<\/a><div class=\"g-description-icons g-icon--hover g-icon--small g-text-position__left\"><p class=\"g-description-icons__icon g-waterborne-heat\"><span class=\"icon-text\">Vattenburen v\u00e4rme <\/span><\/p><p class=\"g-description-icons__icon g-electric-heat\"><span class=\"icon-text\">Elektrisk v\u00e4rme<\/span><\/p><p class=\"g-description-icons__icon g-ac-fan\"><span class=\"icon-text\">EC-fan<\/span><\/p><p class=\"g-description-icons__icon g-dehumidifier\"><span class=\"icon-text\">Avfuktare<\/span><\/p><\/div><\/div><div class=\"g-product-card__content\"><h3>POWERSTREAM DSB COMFORT luftrid\u00e5<\/h3><p>Detta unika h\u00f6gtrycks-luftrid\u00e5system utvecklades speciellt f\u00f6r anv\u00e4ndning vid d\u00f6rrar mellan stora frysar i kombination med stora tempererade fr\u00e4mre rum.<\/p><a class=\"g-button g-button--blank g-button--small\" href=\"https:\/\/www.masterveil-eu.com\/sv\/luftridaer\/powerstream-dsb-comfort\/\">L\u00e4s mer<\/a><\/div><\/div><div class=\"g-product-card\"><div class=\"g-product-card__image g-product-card-image\"><a href=\"https:\/\/www.masterveil-eu.com\/sv\/luftridaer\/powerstream-dsb\/\"><img decoding=\"async\" class=\"g-image\" src=\"https:\/\/www.masterveil-eu.com\/app\/uploads\/2024\/03\/gourmand-dsb-and-dry-2018-04-20-162623-1-1366x1025.jpg\" srcset=\"https:\/\/www.masterveil-eu.com\/app\/uploads\/2024\/03\/gourmand-dsb-and-dry-2018-04-20-162623-1-1366x1025.jpg 1366w, https:\/\/www.masterveil-eu.com\/app\/uploads\/2024\/03\/gourmand-dsb-and-dry-2018-04-20-162623-1-683x512.jpg 683w, https:\/\/www.masterveil-eu.com\/app\/uploads\/2024\/03\/gourmand-dsb-and-dry-2018-04-20-162623-1-768x576.jpg 768w, https:\/\/www.masterveil-eu.com\/app\/uploads\/2024\/03\/gourmand-dsb-and-dry-2018-04-20-162623-1-1536x1152.jpg 1536w, https:\/\/www.masterveil-eu.com\/app\/uploads\/2024\/03\/gourmand-dsb-and-dry-2018-04-20-162623-1-2048x1536.jpg 2048w, https:\/\/www.masterveil-eu.com\/app\/uploads\/2024\/03\/gourmand-dsb-and-dry-2018-04-20-162623-1-1920x1440.jpg 1920w, https:\/\/www.masterveil-eu.com\/app\/uploads\/2024\/03\/gourmand-dsb-and-dry-2018-04-20-162623-1-910x683.jpg 910w, https:\/\/www.masterveil-eu.com\/app\/uploads\/2024\/03\/gourmand-dsb-and-dry-2018-04-20-162623-1-455x341.jpg 455w, https:\/\/www.masterveil-eu.com\/app\/uploads\/2024\/03\/gourmand-dsb-and-dry-2018-04-20-162623-1-300x225.jpg 300w, https:\/\/www.masterveil-eu.com\/app\/uploads\/2024\/03\/gourmand-dsb-and-dry-2018-04-20-162623-1-512x384.jpg 512w\" sizes=\"(max-width: 1366px) 100vw, 1366px\" width=\"1366\" height=\"1025\" alt=\"Masterveil Powerstream DSB och Dry luftrid&aring; i frysrum\" style=\"object-position: center center\">\n<\/a><div class=\"g-description-icons g-icon--hover g-icon--small g-text-position__left\"><p class=\"g-description-icons__icon g-waterborne-heat\"><span class=\"icon-text\">Vattenburen v\u00e4rme <\/span><\/p><p class=\"g-description-icons__icon g-electric-heat\"><span class=\"icon-text\">Elektrisk v\u00e4rme<\/span><\/p><p class=\"g-description-icons__icon g-ac-fan\"><span class=\"icon-text\">EC-fan<\/span><\/p><p class=\"g-description-icons__icon g-dehumidifier\"><span class=\"icon-text\">Avfuktare<\/span><\/p><\/div><\/div><div class=\"g-product-card__content\"><h3>POWERSTREAM DSB luftrid\u00e5<\/h3><p>Uppn\u00e5 h\u00f6gsta effektivitet och l\u00e4gsta energif\u00f6rbrukning med denna luftrid\u00e5 f\u00f6r frysutrymmen<\/p><a class=\"g-button g-button--blank g-button--small\" href=\"https:\/\/www.masterveil-eu.com\/sv\/luftridaer\/powerstream-dsb\/\">L\u00e4s mer<\/a><\/div><\/div><div class=\"g-product-card\"><div class=\"g-product-card__image g-product-card-image\"><a href=\"https:\/\/www.masterveil-eu.com\/sv\/luftridaer\/rondellen\/\"><img decoding=\"async\" class=\"g-image\" src=\"https:\/\/www.masterveil-eu.com\/app\/uploads\/2024\/04\/masterveil-roundel-air-curtain-revoliving-door-entrance-1.jpg\" srcset=\"https:\/\/www.masterveil-eu.com\/app\/uploads\/2024\/04\/masterveil-roundel-air-curtain-revoliving-door-entrance-1.jpg 1351w, https:\/\/www.masterveil-eu.com\/app\/uploads\/2024\/04\/masterveil-roundel-air-curtain-revoliving-door-entrance-1-683x399.jpg 683w, https:\/\/www.masterveil-eu.com\/app\/uploads\/2024\/04\/masterveil-roundel-air-curtain-revoliving-door-entrance-1-768x449.jpg 768w, https:\/\/www.masterveil-eu.com\/app\/uploads\/2024\/04\/masterveil-roundel-air-curtain-revoliving-door-entrance-1-910x532.jpg 910w, https:\/\/www.masterveil-eu.com\/app\/uploads\/2024\/04\/masterveil-roundel-air-curtain-revoliving-door-entrance-1-455x266.jpg 455w, https:\/\/www.masterveil-eu.com\/app\/uploads\/2024\/04\/masterveil-roundel-air-curtain-revoliving-door-entrance-1-300x175.jpg 300w\" sizes=\"(max-width: 1351px) 100vw, 1351px\" alt=\"Masterveil Roundel luftrid&aring; installerad vid en stor karuselld&ouml;rr med tr&auml;panel-design.\" style=\"object-position: center center\">\n<\/a><div class=\"g-description-icons g-icon--hover g-icon--small g-text-position__left\"><p class=\"g-description-icons__icon g-waterborne-heat\"><span class=\"icon-text\">Vattenburen v\u00e4rme <\/span><\/p><p class=\"g-description-icons__icon g-electric-heat\"><span class=\"icon-text\">Elektrisk v\u00e4rme<\/span><\/p><p class=\"g-description-icons__icon g-ac-fan\"><span class=\"icon-text\">EC-fan<\/span><\/p><\/div><\/div><div class=\"g-product-card__content\"><h3>ROUNDEL luftrid\u00e5 &#8211; Karuselld\u00f6rrar<\/h3><p>Rondellen \u00e4r v\u00e5rt koncept f\u00f6r luftrid\u00e5er till karuselld\u00f6rrar. Vi s\u00e4ger att det \u00e4r ett koncept eftersom vi vet att l\u00f6sningarna n\u00e4stan alltid m\u00e5ste anpassas till s\u00e4rskilda f\u00f6rh\u00e5llanden p\u00e5 varje enskild plats.<\/p><a class=\"g-button g-button--blank g-button--small\" href=\"https:\/\/www.masterveil-eu.com\/sv\/luftridaer\/rondellen\/\">L\u00e4s mer<\/a><\/div><\/div><div class=\"g-product-card\"><div class=\"g-product-card__image g-product-card-image\"><a href=\"https:\/\/www.masterveil-eu.com\/sv\/luftridaer\/terminal-flera-portar\/\"><img decoding=\"async\" class=\"g-image\" src=\"https:\/\/www.masterveil-eu.com\/app\/uploads\/2024\/04\/masterveil-terminal-circular-air-curtains-multiple-industial-doors-1366x768.jpg\" srcset=\"https:\/\/www.masterveil-eu.com\/app\/uploads\/2024\/04\/masterveil-terminal-circular-air-curtains-multiple-industial-doors-1366x768.jpg 1366w, https:\/\/www.masterveil-eu.com\/app\/uploads\/2024\/04\/masterveil-terminal-circular-air-curtains-multiple-industial-doors-683x384.jpg 683w, https:\/\/www.masterveil-eu.com\/app\/uploads\/2024\/04\/masterveil-terminal-circular-air-curtains-multiple-industial-doors-768x432.jpg 768w, https:\/\/www.masterveil-eu.com\/app\/uploads\/2024\/04\/masterveil-terminal-circular-air-curtains-multiple-industial-doors-1536x864.jpg 1536w, https:\/\/www.masterveil-eu.com\/app\/uploads\/2024\/04\/masterveil-terminal-circular-air-curtains-multiple-industial-doors-910x512.jpg 910w, https:\/\/www.masterveil-eu.com\/app\/uploads\/2024\/04\/masterveil-terminal-circular-air-curtains-multiple-industial-doors-455x256.jpg 455w, https:\/\/www.masterveil-eu.com\/app\/uploads\/2024\/04\/masterveil-terminal-circular-air-curtains-multiple-industial-doors-300x169.jpg 300w, https:\/\/www.masterveil-eu.com\/app\/uploads\/2024\/04\/masterveil-terminal-circular-air-curtains-multiple-industial-doors.jpg 1920w\" sizes=\"(max-width: 1366px) 100vw, 1366px\" width=\"1366\" height=\"768\" alt=\"Masterveil Terminal-system med runda airstop-luftrid&aring;er installerade &ouml;ver flera industriella portar p&aring; ett lager.\" style=\"object-position: center center\">\n<\/a><div class=\"g-description-icons g-icon--hover g-icon--small g-text-position__left\"><p class=\"g-description-icons__icon g-without-heat\"><span class=\"icon-text\">Utan v\u00e4rme<\/span><\/p><p class=\"g-description-icons__icon g-waterborne-heat\"><span class=\"icon-text\">Vattenburen v\u00e4rme <\/span><\/p><p class=\"g-description-icons__icon g-electric-heat\"><span class=\"icon-text\">Elektrisk v\u00e4rme<\/span><\/p><p class=\"g-description-icons__icon g-ac-fan\"><span class=\"icon-text\">EC-fan<\/span><\/p><\/div><\/div><div class=\"g-product-card__content\"><h3>TERMINAL luftrid\u00e5system &#8211; Flera portar<\/h3><p>V\u00e5rt terminalsystem \u00e4r skr\u00e4ddarsytt f\u00f6r lastningsterminaler med flera intilliggande portar, d\u00e4r effektiv luftdistribution och klimatkontroll \u00e4r avg\u00f6rande. Med en anv\u00e4ndarv\u00e4nlig styrenhet och avancerade sensorkontroller kan terminalsystemet exakt reglera luftfl\u00f6det till varje port vid r\u00e4tt tidpunkt, vilket s\u00e4kerst\u00e4ller optimal prestanda och energieffektivitet. <\/p><a class=\"g-button g-button--blank g-button--small\" href=\"https:\/\/www.masterveil-eu.com\/sv\/luftridaer\/terminal-flera-portar\/\">L\u00e4s mer<\/a><\/div><\/div>\t\t<\/div>\n\t<\/div>\n\t","protected":false},"excerpt":{"rendered":"","protected":false},"author":1,"featured_media":0,"parent":0,"menu_order":0,"comment_status":"closed","ping_status":"closed","template":"","meta":{"_acf_changed":false,"_seopress_robots_primary_cat":"","_seopress_titles_title":"Utforska Masterveils stora sortiment av kraftfulla luftrid\u00e5er","_seopress_titles_desc":"Masterveil har ett komplett sortiment av h\u00f6geffektiva luftrid\u00e5er, designade f\u00f6r olika applikationer och branscher.","_seopress_robots_index":"","_relevanssi_hide_post":"","_relevanssi_hide_content":"","_relevanssi_pin_for_all":"","_relevanssi_pin_keywords":"","_relevanssi_unpin_keywords":"","_relevanssi_related_keywords":"","_relevanssi_related_include_ids":"","_relevanssi_related_exclude_ids":"","_relevanssi_related_no_append":"","_relevanssi_related_not_related":"","_relevanssi_related_posts":"","_relevanssi_noindex_reason":"","footnotes":""},"class_list":["post-2817","page","type-page","status-publish","hentry"],"acf":[],"_links":{"self":[{"href":"https:\/\/www.masterveil-eu.com\/sv\/wp-json\/wp\/v2\/pages\/2817","targetHints":{"allow":["GET"]}}],"collection":[{"href":"https:\/\/www.masterveil-eu.com\/sv\/wp-json\/wp\/v2\/pages"}],"about":[{"href":"https:\/\/www.masterveil-eu.com\/sv\/wp-json\/wp\/v2\/types\/page"}],"author":[{"embeddable":true,"href":"https:\/\/www.masterveil-eu.com\/sv\/wp-json\/wp\/v2\/users\/1"}],"replies":[{"embeddable":true,"href":"https:\/\/www.masterveil-eu.com\/sv\/wp-json\/wp\/v2\/comments?post=2817"}],"version-history":[{"count":0,"href":"https:\/\/www.masterveil-eu.com\/sv\/wp-json\/wp\/v2\/pages\/2817\/revisions"}],"wp:attachment":[{"href":"https:\/\/www.masterveil-eu.com\/sv\/wp-json\/wp\/v2\/media?parent=2817"}],"curies":[{"name":"wp","href":"https:\/\/api.w.org\/{rel}","templated":true}]}}